{"id":11722,"date":"2026-01-21T21:41:40","date_gmt":"2026-01-21T19:41:40","guid":{"rendered":"https:\/\/italksprachschule.ch\/sveb-zertifikat-kursleiter-ausbildung-in-der-erwachsenenbildung\/"},"modified":"2026-01-22T14:07:06","modified_gmt":"2026-01-22T12:07:06","slug":"sveb-zertifikat-kursleiter-ausbildung-in-der-erwachsenenbildung","status":"publish","type":"page","link":"https:\/\/italksprachschule.ch\/de\/sveb-zertifikat-kursleiter-ausbildung-in-der-erwachsenenbildung\/","title":{"rendered":"SVEB-Zertifikat Kursleiter: Ausbildung in der Erwachsenenbildung"},"content":{"rendered":"\t\t<div data-elementor-type=\"wp-page\" data-elementor-id=\"11722\" class=\"elementor elementor-11722 elementor-11681\" data-elementor-post-type=\"page\">\n\t\t\t\t\t\t<section class=\"elementor-section elementor-top-section elementor-element elementor-element-85afd2e elementor-section-boxed elementor-section-height-default elementor-section-height-default\" data-id=\"85afd2e\" data-element_type=\"section\" data-e-type=\"section\">\n\t\t\t\t\t\t<div class=\"elementor-container elementor-column-gap-default\">\n\t\t\t\t\t<div class=\"elementor-column elementor-col-50 elementor-top-column elementor-element elementor-element-9b26096\" data-id=\"9b26096\" data-element_type=\"column\" data-e-type=\"column\">\n\t\t\t<div class=\"elementor-widget-wrap elementor-element-populated\">\n\t\t\t\t\t\t<div class=\"elementor-element elementor-element-88cffd7 elementor-widget elementor-widget-heading\" data-id=\"88cffd7\" data-element_type=\"widget\" data-e-type=\"widget\" data-widget_type=\"heading.default\">\n\t\t\t\t<div class=\"elementor-widget-container\">\n\t\t\t\t\t<h1 class=\"elementor-heading-title elementor-size-default\">SVEB-Zertifikat Kursleiter: Ausbildung in der Erwachsenenbildung<\/h1>\t\t\t\t<\/div>\n\t\t\t\t<\/div>\n\t\t\t\t<div class=\"elementor-element elementor-element-436314e elementor-widget elementor-widget-text-editor\" data-id=\"436314e\" data-element_type=\"widget\" data-e-type=\"widget\" data-widget_type=\"text-editor.default\">\n\t\t\t\t<div class=\"elementor-widget-container\">\n\t\t\t\t\t\t\t\t\t<p>Ihr Einstieg in die Erwachsenenbildung: Qualifizieren Sie sich mit dem offiziellen <strong>SVEB-Zertifikat (SVEB 1)<\/strong> f\u00fcr die Durchf\u00fchrung von Lernveranstaltungen mit Erwachsenen.<\/p>\n\t\t\t\t\t\t\t\t<\/div>\n\t\t\t\t<\/div>\n\t\t\t\t<div class=\"elementor-element elementor-element-837b547 elementor-widget elementor-widget-text-editor\" data-id=\"837b547\" data-element_type=\"widget\" data-e-type=\"widget\" data-widget_type=\"text-editor.default\">\n\t\t\t\t<div class=\"elementor-widget-container\">\n\t\t\t\t\t\t\t\t\t<p>CHF 3990.-\u00a0exkl. Kursunterlagen<\/p>\n\t\t\t\t\t\t\t\t<\/div>\n\t\t\t\t<\/div>\n\t\t\t\t<div class=\"elementor-element elementor-element-cd2cd84 elementor-widget elementor-widget-button\" data-id=\"cd2cd84\" data-element_type=\"widget\" data-e-type=\"widget\" data-widget_type=\"button.default\">\n\t\t\t\t<div class=\"elementor-widget-container\">\n\t\t\t\t\t\t\t\t\t<div class=\"elementor-button-wrapper\">\n\t\t\t\t\t<a class=\"elementor-button elementor-button-link elementor-size-sm\" href=\"https:\/\/italksprachschule.ch\/de\/anmeldung-zum-sveb\/\" target=\"_blank\">\n\t\t\t\t\t\t<span class=\"elementor-button-content-wrapper\">\n\t\t\t\t\t\t\t\t\t<span class=\"elementor-button-text\">Jetzt zum SVEB-Kurs anmelden<\/span>\n\t\t\t\t\t<\/span>\n\t\t\t\t\t<\/a>\n\t\t\t\t<\/div>\n\t\t\t\t\t\t\t\t<\/div>\n\t\t\t\t<\/div>\n\t\t\t\t\t<\/div>\n\t\t<\/div>\n\t\t\t\t<div class=\"elementor-column elementor-col-50 elementor-top-column elementor-element elementor-element-729eae8\" data-id=\"729eae8\" data-element_type=\"column\" data-e-type=\"column\">\n\t\t\t<div class=\"elementor-widget-wrap elementor-element-populated\">\n\t\t\t\t\t\t<div class=\"elementor-element elementor-element-828df74 elementor-hidden-mobile elementor-widget elementor-widget-image\" data-id=\"828df74\" data-element_type=\"widget\" data-e-type=\"widget\" data-widget_type=\"image.default\">\n\t\t\t\t<div class=\"elementor-widget-container\">\n\t\t\t\t\t\t\t\t\t\t\t\t\t\t\t<img fetchpriority=\"high\" decoding=\"async\" width=\"768\" height=\"611\" src=\"https:\/\/italksprachschule.ch\/wp-content\/uploads\/2020\/11\/classroom-768x611.jpg\" class=\"attachment-medium_large size-medium_large wp-image-3353\" alt=\"SVEB-Zertifikat Kursleiter\/in \u2013 engagierte Kursteilnehmende im Unterricht\" srcset=\"https:\/\/italksprachschule.ch\/wp-content\/uploads\/2020\/11\/classroom-768x611.jpg 768w, https:\/\/italksprachschule.ch\/wp-content\/uploads\/2020\/11\/classroom-460x366.jpg 460w, https:\/\/italksprachschule.ch\/wp-content\/uploads\/2020\/11\/classroom-120x95.jpg 120w, https:\/\/italksprachschule.ch\/wp-content\/uploads\/2020\/11\/classroom-310x247.jpg 310w, https:\/\/italksprachschule.ch\/wp-content\/uploads\/2020\/11\/classroom.jpg 900w\" sizes=\"(max-width: 768px) 100vw, 768px\" \/>\t\t\t\t\t\t\t\t\t\t\t\t\t\t\t<\/div>\n\t\t\t\t<\/div>\n\t\t\t\t\t<\/div>\n\t\t<\/div>\n\t\t\t\t\t<\/div>\n\t\t<\/section>\n\t\t\t\t<section class=\"elementor-section elementor-top-section elementor-element elementor-element-aa5b939 elementor-section-boxed elementor-section-height-default elementor-section-height-default\" data-id=\"aa5b939\" data-element_type=\"section\" data-e-type=\"section\" data-settings=\"{&quot;background_background&quot;:&quot;classic&quot;}\">\n\t\t\t\t\t\t<div class=\"elementor-container elementor-column-gap-default\">\n\t\t\t\t\t<div class=\"elementor-column elementor-col-100 elementor-top-column elementor-element elementor-element-887acb9\" data-id=\"887acb9\" data-element_type=\"column\" data-e-type=\"column\">\n\t\t\t<div class=\"elementor-widget-wrap elementor-element-populated\">\n\t\t\t\t\t\t<div class=\"elementor-element elementor-element-10111de elementor-widget elementor-widget-heading\" data-id=\"10111de\" data-element_type=\"widget\" data-e-type=\"widget\" data-widget_type=\"heading.default\">\n\t\t\t\t<div class=\"elementor-widget-container\">\n\t\t\t\t\t<h2 class=\"elementor-heading-title elementor-size-default\">Was ist das SVEB-Zertifikat Kursleiter\/in (SVEB 1)?<\/h2>\t\t\t\t<\/div>\n\t\t\t\t<\/div>\n\t\t\t\t<div class=\"elementor-element elementor-element-9f27021 elementor-widget elementor-widget-text-editor\" data-id=\"9f27021\" data-element_type=\"widget\" data-e-type=\"widget\" data-widget_type=\"text-editor.default\">\n\t\t\t\t<div class=\"elementor-widget-container\">\n\t\t\t\t\t\t\t\t\t<p>Das <strong data-start=\"647\" data-end=\"689\">SVEB-Zertifikat Kursleiter\/in (Modul 1)<\/strong> \u2013 auch bekannt als <strong>SVEB 1<\/strong> \u2013 ist der offizielle Einstieg in die Erwachsenenbildung in der Schweiz. Es qualifiziert Sie f\u00fcr die <strong>selbst\u00e4ndige Durchf\u00fchrung von Lernveranstaltungen mit Erwachsenen<\/strong> in Bildungseinrichtungen, Unternehmen oder im sozialen Bereich.<\/p>\n<p>Mit dem <strong>SVEB 1-Zertifikat<\/strong>:<\/p>\n<ul>\n<li>erhalten Sie einen <strong>in der ganzen Schweiz und auch international anerkannten Abschluss<\/strong><\/li>\n<li>erf\u00fcllen Sie eine zentrale Voraussetzung f\u00fcr die T\u00e4tigkeit als Ausbilder\/in<\/li>\n<li>schaffen Sie die Grundlage f\u00fcr weiterf\u00fchrende Ausbildungen (z.\u202fB. eidg. Fachausweis Ausbilder\/in)<\/li>\n<\/ul>\n<p>Der Lehrgang basiert auf dem Rahmenlehrplan des <strong>SVEB (Schweizerischer Verband f\u00fcr Weiterbildung)<\/strong> und wird von erfahrenen Fachpersonen begleitet. Nach erfolgreichem Abschluss erhalten Sie ein Zertifikat, das Sie beruflich weiterbringt.<\/p>\n\t\t\t\t\t\t\t\t<\/div>\n\t\t\t\t<\/div>\n\t\t\t\t\t<\/div>\n\t\t<\/div>\n\t\t\t\t\t<\/div>\n\t\t<\/section>\n\t\t\t\t<section class=\"elementor-section elementor-top-section elementor-element elementor-element-81e0bc0 elementor-section-boxed elementor-section-height-default elementor-section-height-default\" data-id=\"81e0bc0\" data-element_type=\"section\" data-e-type=\"section\">\n\t\t\t\t\t\t<div class=\"elementor-container elementor-column-gap-default\">\n\t\t\t\t\t<div class=\"elementor-column elementor-col-100 elementor-top-column elementor-element elementor-element-f24ba8c\" data-id=\"f24ba8c\" data-element_type=\"column\" data-e-type=\"column\">\n\t\t\t<div class=\"elementor-widget-wrap elementor-element-populated\">\n\t\t\t\t\t\t<div class=\"elementor-element elementor-element-8709e1c elementor-widget elementor-widget-heading\" data-id=\"8709e1c\" data-element_type=\"widget\" data-e-type=\"widget\" data-widget_type=\"heading.default\">\n\t\t\t\t<div class=\"elementor-widget-container\">\n\t\t\t\t\t<h2 class=\"elementor-heading-title elementor-size-default\">Ihre Vorteile im SVEB-Kurs bei Italk<\/h2>\t\t\t\t<\/div>\n\t\t\t\t<\/div>\n\t\t\t\t<div class=\"elementor-element elementor-element-33210e9 elementor-widget elementor-widget-text-editor\" data-id=\"33210e9\" data-element_type=\"widget\" data-e-type=\"widget\" data-widget_type=\"text-editor.default\">\n\t\t\t\t<div class=\"elementor-widget-container\">\n\t\t\t\t\t\t\t\t\t<p>Wer den <strong data-start=\"486\" data-end=\"507\">SVEB Kurs (SVEB 1)<\/strong> bei iTalk besucht, profitiert von einer lernfreundlichen Umgebung, pers\u00f6nlicher Begleitung und erfahrenen Fachpersonen. Unser Angebot ist auf Menschen zugeschnitten, die ihren Abschluss zielgerichtet, praxisnah und mit Unterst\u00fctzung erreichen m\u00f6chten.<\/p>\n<p><strong>Darum entscheiden sich Teilnehmende f\u00fcr Italk:<\/strong><\/p>\n\t\t\t\t\t\t\t\t<\/div>\n\t\t\t\t<\/div>\n\t\t\t\t<div class=\"elementor-element elementor-element-d017ff5 elementor-icon-list--layout-traditional elementor-list-item-link-full_width elementor-widget elementor-widget-icon-list\" data-id=\"d017ff5\" data-element_type=\"widget\" data-e-type=\"widget\" data-widget_type=\"icon-list.default\">\n\t\t\t\t<div class=\"elementor-widget-container\">\n\t\t\t\t\t\t\t<ul class=\"elementor-icon-list-items\">\n\t\t\t\t\t\t\t<li class=\"elementor-icon-list-item\">\n\t\t\t\t\t\t\t\t\t\t\t<span class=\"elementor-icon-list-icon\">\n\t\t\t\t\t\t\t<i aria-hidden=\"true\" class=\"fas fa-check\"><\/i>\t\t\t\t\t\t<\/span>\n\t\t\t\t\t\t\t\t\t\t<span class=\"elementor-icon-list-text\">Individuelle Betreuung<\/span>\n\t\t\t\t\t\t\t\t\t<\/li>\n\t\t\t\t\t\t\t\t<li class=\"elementor-icon-list-item\">\n\t\t\t\t\t\t\t\t\t\t\t<span class=\"elementor-icon-list-icon\">\n\t\t\t\t\t\t\t<i aria-hidden=\"true\" class=\"fas fa-check\"><\/i>\t\t\t\t\t\t<\/span>\n\t\t\t\t\t\t\t\t\t\t<span class=\"elementor-icon-list-text\">Kleine Gruppen<\/span>\n\t\t\t\t\t\t\t\t\t<\/li>\n\t\t\t\t\t\t\t\t<li class=\"elementor-icon-list-item\">\n\t\t\t\t\t\t\t\t\t\t\t<span class=\"elementor-icon-list-icon\">\n\t\t\t\t\t\t\t<i aria-hidden=\"true\" class=\"fas fa-check\"><\/i>\t\t\t\t\t\t<\/span>\n\t\t\t\t\t\t\t\t\t\t<span class=\"elementor-icon-list-text\">Erfahrene Kursleitung<\/span>\n\t\t\t\t\t\t\t\t\t<\/li>\n\t\t\t\t\t\t\t\t<li class=\"elementor-icon-list-item\">\n\t\t\t\t\t\t\t\t\t\t\t<span class=\"elementor-icon-list-icon\">\n\t\t\t\t\t\t\t<i aria-hidden=\"true\" class=\"fas fa-check\"><\/i>\t\t\t\t\t\t<\/span>\n\t\t\t\t\t\t\t\t\t\t<span class=\"elementor-icon-list-text\">Fokus auf Praxistransfer<\/span>\n\t\t\t\t\t\t\t\t\t<\/li>\n\t\t\t\t\t\t<\/ul>\n\t\t\t\t\t\t<\/div>\n\t\t\t\t<\/div>\n\t\t\t\t<div class=\"elementor-element elementor-element-f0765ea elementor-widget elementor-widget-text-editor\" data-id=\"f0765ea\" data-element_type=\"widget\" data-e-type=\"widget\" data-widget_type=\"text-editor.default\">\n\t\t\t\t<div class=\"elementor-widget-container\">\n\t\t\t\t\t\t\t\t\t<p>Unser Ziel ist es, Sie fachlich und pers\u00f6nlich optimal auf Ihre Rolle als Kursleiter\/in vorzubereiten \u2013 in einem vertrauensvollen Umfeld mit hoher Erfolgsquote.<\/p>\n\t\t\t\t\t\t\t\t<\/div>\n\t\t\t\t<\/div>\n\t\t\t\t<div class=\"elementor-element elementor-element-4d9d057 elementor-align-center elementor-widget elementor-widget-button\" data-id=\"4d9d057\" data-element_type=\"widget\" data-e-type=\"widget\" data-widget_type=\"button.default\">\n\t\t\t\t<div class=\"elementor-widget-container\">\n\t\t\t\t\t\t\t\t\t<div class=\"elementor-button-wrapper\">\n\t\t\t\t\t<a class=\"elementor-button elementor-button-link elementor-size-sm\" href=\"https:\/\/italksprachschule.ch\/de\/anmeldung-zum-sveb\/\" target=\"_blank\">\n\t\t\t\t\t\t<span class=\"elementor-button-content-wrapper\">\n\t\t\t\t\t\t\t\t\t<span class=\"elementor-button-text\">Jetzt Platz sichern<\/span>\n\t\t\t\t\t<\/span>\n\t\t\t\t\t<\/a>\n\t\t\t\t<\/div>\n\t\t\t\t\t\t\t\t<\/div>\n\t\t\t\t<\/div>\n\t\t\t\t\t<\/div>\n\t\t<\/div>\n\t\t\t\t\t<\/div>\n\t\t<\/section>\n\t\t\t\t<section class=\"elementor-section elementor-top-section elementor-element elementor-element-1d64778 elementor-section-boxed elementor-section-height-default elementor-section-height-default\" data-id=\"1d64778\" data-element_type=\"section\" data-e-type=\"section\">\n\t\t\t\t\t\t<div class=\"elementor-container elementor-column-gap-default\">\n\t\t\t\t\t<div class=\"elementor-column elementor-col-50 elementor-top-column elementor-element elementor-element-8a81222\" data-id=\"8a81222\" data-element_type=\"column\" data-e-type=\"column\">\n\t\t\t<div class=\"elementor-widget-wrap elementor-element-populated\">\n\t\t\t\t\t\t<div class=\"elementor-element elementor-element-b1a059d elementor-widget elementor-widget-heading\" data-id=\"b1a059d\" data-element_type=\"widget\" data-e-type=\"widget\" data-widget_type=\"heading.default\">\n\t\t\t\t<div class=\"elementor-widget-container\">\n\t\t\t\t\t<h2 class=\"elementor-heading-title elementor-size-default\">Wo findet der SVEB-Kurs statt?<\/h2>\t\t\t\t<\/div>\n\t\t\t\t<\/div>\n\t\t\t\t<div class=\"elementor-element elementor-element-32015bc elementor-widget elementor-widget-text-editor\" data-id=\"32015bc\" data-element_type=\"widget\" data-e-type=\"widget\" data-widget_type=\"text-editor.default\">\n\t\t\t\t<div class=\"elementor-widget-container\">\n\t\t\t\t\t\t\t\t\t<p>Unser Standort f\u00fcr den SVEB-Kurs in Z\u00fcrich ist: L\u00f6wenstrasse 61, 8001 Z\u00fcrich<\/p>\n<p>Auf Anfrage k\u00f6nnen wir einen SVEB-Kurs in Ihrer Institution oder Ihrem B\u00fcro organisieren.<\/p>\n\t\t\t\t\t\t\t\t<\/div>\n\t\t\t\t<\/div>\n\t\t\t\t\t<\/div>\n\t\t<\/div>\n\t\t\t\t<div class=\"elementor-column elementor-col-50 elementor-top-column elementor-element elementor-element-d2bc16f\" data-id=\"d2bc16f\" data-element_type=\"column\" data-e-type=\"column\">\n\t\t\t<div class=\"elementor-widget-wrap elementor-element-populated\">\n\t\t\t\t\t\t<div class=\"elementor-element elementor-element-8783c76 elementor-widget elementor-widget-image\" data-id=\"8783c76\" data-element_type=\"widget\" data-e-type=\"widget\" data-widget_type=\"image.default\">\n\t\t\t\t<div class=\"elementor-widget-container\">\n\t\t\t\t\t\t\t\t\t\t\t\t\t\t\t<img decoding=\"async\" width=\"694\" height=\"548\" src=\"https:\/\/italksprachschule.ch\/wp-content\/uploads\/2026\/01\/sveb.jpg\" class=\"attachment-large size-large wp-image-6626\" alt=\"\" srcset=\"https:\/\/italksprachschule.ch\/wp-content\/uploads\/2026\/01\/sveb.jpg 694w, https:\/\/italksprachschule.ch\/wp-content\/uploads\/2026\/01\/sveb-300x237.jpg 300w, https:\/\/italksprachschule.ch\/wp-content\/uploads\/2026\/01\/sveb-600x474.jpg 600w\" sizes=\"(max-width: 694px) 100vw, 694px\" \/>\t\t\t\t\t\t\t\t\t\t\t\t\t\t\t<\/div>\n\t\t\t\t<\/div>\n\t\t\t\t\t<\/div>\n\t\t<\/div>\n\t\t\t\t\t<\/div>\n\t\t<\/section>\n\t\t\t\t<section class=\"elementor-section elementor-top-section elementor-element elementor-element-bc4acc3 elementor-section-boxed elementor-section-height-default elementor-section-height-default\" data-id=\"bc4acc3\" data-element_type=\"section\" data-e-type=\"section\" data-settings=\"{&quot;background_background&quot;:&quot;classic&quot;}\">\n\t\t\t\t\t\t<div class=\"elementor-container elementor-column-gap-default\">\n\t\t\t\t\t<div class=\"elementor-column elementor-col-100 elementor-top-column elementor-element elementor-element-09517c0\" data-id=\"09517c0\" data-element_type=\"column\" data-e-type=\"column\">\n\t\t\t<div class=\"elementor-widget-wrap elementor-element-populated\">\n\t\t\t\t\t\t<div class=\"elementor-element elementor-element-e68c309 elementor-widget elementor-widget-heading\" data-id=\"e68c309\" data-element_type=\"widget\" data-e-type=\"widget\" data-widget_type=\"heading.default\">\n\t\t\t\t<div class=\"elementor-widget-container\">\n\t\t\t\t\t<h2 class=\"elementor-heading-title elementor-size-default\">SVEB 1-Ausbildung<\/h2>\t\t\t\t<\/div>\n\t\t\t\t<\/div>\n\t\t\t\t<div class=\"elementor-element elementor-element-dcfb88c elementor-widget elementor-widget-text-editor\" data-id=\"dcfb88c\" data-element_type=\"widget\" data-e-type=\"widget\" data-widget_type=\"text-editor.default\">\n\t\t\t\t<div class=\"elementor-widget-container\">\n\t\t\t\t\t\t\t\t\t<h3><strong>AUSBILDUNGSZIELE<\/strong><\/h3>\n<p>Nach\u00a0<span lang=\"DE\">der <strong>SVEB 1-Ausbildung<\/strong>\u00a0<\/span>verf\u00fcgen Sie \u00fcber fundierte methodische und didaktische F\u00e4higkeiten sowie soziale Kompetenzen. Sie k\u00f6nnen in Ihrem Fachbereich Lernveranstaltungen mit Erwachsenen im Rahmen vorgegebener Konzepte, Lehrpl\u00e4ne und Lehrmittel vorbereiten, durchf\u00fchren und auswerten.<\/p>\n<p>Die erworbenen F\u00e4higkeiten und Kompetenzen k\u00f6nnen Sie dann gezielt in Ihrer Praxis in verschiedenen Bildungsinstitutionen einsetzen. Der <strong>Kurs SVEB-Zertifikat Kursleiter\/in<\/strong> umfasst 14 Kurstage und ist Teilabschluss f\u00fcr den eidgen\u00f6ssischen Fachausweis Ausbilder\/in.<\/p>\n<h3><\/h3>\n<p><\/p>\n<h3><strong>ZIELGRUPPE<\/strong><\/h3>\n<p><\/p>\n<ul>\n<li>Kursleiter\/innen an Weiterbildungsinstituten, Fachschulen und\/oder betrieblichen Weiterbildung<\/li>\n<li>Ausbildende mit Praxiserfahrungen in der Kurst\u00e4tigkeit mit Erwachsenen<\/li>\n<li>Einsteiger\/innen in die Erwachsenenbildung<\/li>\n<li>Lehrkr\u00e4fte an h\u00f6heren Fachschulen im Hauptberuf und Erwachsenenbildner\/innen HF<\/li>\n<\/ul>\n<p><\/p>\n<h3><\/h3>\n<p><\/p>\n<h3><strong>LERNINHALTE<\/strong><\/h3>\n<p>Bitte laden Sie hier unsere Brosch\u00fcre <a href=\"https:\/\/italksprachschule.ch\/wp-content\/uploads\/2025\/06\/Ausschreibung_Flyer_2025.pdf\" target=\"_blank\" rel=\"noopener\"><u>herunter<\/u><\/a><\/p>\n<p>Zu den Hauptthemen des Kurses geh\u00f6ren unter anderem:<\/p>\n<ul>\n<li>erwachsenenspezifisches Lernen und Lehren<\/li>\n<li>aktuelle Methoden und Sozialformen<\/li>\n<li>zielorientierte Lektionsplanung, didaktische Modelle<\/li>\n<li>Reflexion der eigenen Lernbiografie, des eigenen Lernverst\u00e4ndnisses und Rollenverhaltens als Kursleiter\/in<\/li>\n<li>Diversity in Lerngruppen<\/li>\n<li>Grundlagen der Kommunikation<\/li>\n<li>Konflikte und St\u00f6rungen in Lerngruppen<\/li>\n<li>Moderieren von Gespr\u00e4chen<\/li>\n<li>Grundlagen der Gruppendynamik<\/li>\n<li>Transfer des Gelernten in den eigenen Bereich.<\/li>\n<\/ul>\n<p><\/p>\n<h3><\/h3>\n<p><\/p>\n<h3><strong>TEILNEHMENDENZAHL<\/strong><\/h3>\n<p>Die <strong>SVEB 1 Kurse<\/strong> finden mit mindestens 6 und maximal 14 Teilnehmenden statt.<\/p>\n<h3><\/h3>\n<p><\/p>\n<h3><strong>ABSCHLUSS \/ ZERTIFIZIERUNG<\/strong><\/h3>\n<p>Sie erhalten nach folgendem Leistungsnachweis eine Modulbest\u00e4tigung:<\/p>\n<p><strong>255 Stunden Lernzeit, davon:<\/strong><\/p>\n<ul>\n<li>90 Stunden Netto-Pr\u00e4senzzeit<\/li>\n<li>165 Stunden Selbststudium<\/li>\n<\/ul>\n<p>Bestehen eines Kompetenznachweises (Praxisdemonstration und dokumentierte Reflexion des Lernprozesses)<\/p>\n<p>80% Anwesenheit<\/p>\n<p>Sie erhalten das <strong>SVEB-Zertifikat<\/strong>, wenn zus\u00e4tzlich der Nachweis von<\/p>\n<ul>\n<li>mindestens 150 Praxisstunden als Kursleiter\/in in mindestens zweij\u00e4hriger, teilzeitlicher Berufspraxis nachgewiesen wurden. Die Praxiserfahrung kann vor, w\u00e4hrend und nach dem Kurs erworben werden.<\/li>\n<\/ul>\n<p>Die Gesamtlernzeit betr\u00e4gt somit total 405 Stunden (255 Stunden f\u00fcr den Kurs + 150 Praxisstunden). Der Kurs entspricht 13,5 ECTS-Punkten (ECTS = European Credit Transfer System).<\/p>\n\t\t\t\t\t\t\t\t<\/div>\n\t\t\t\t<\/div>\n\t\t\t\t\t<\/div>\n\t\t<\/div>\n\t\t\t\t\t<\/div>\n\t\t<\/section>\n\t\t\t\t<section class=\"elementor-section elementor-top-section elementor-element elementor-element-2893688 elementor-section-boxed elementor-section-height-default elementor-section-height-default\" data-id=\"2893688\" data-element_type=\"section\" data-e-type=\"section\">\n\t\t\t\t\t\t<div class=\"elementor-container elementor-column-gap-default\">\n\t\t\t\t\t<div class=\"elementor-column elementor-col-100 elementor-top-column elementor-element elementor-element-08e83f9\" data-id=\"08e83f9\" data-element_type=\"column\" data-e-type=\"column\">\n\t\t\t<div class=\"elementor-widget-wrap elementor-element-populated\">\n\t\t\t\t\t\t<div class=\"elementor-element elementor-element-a9ddb7f elementor-widget elementor-widget-heading\" data-id=\"a9ddb7f\" data-element_type=\"widget\" data-e-type=\"widget\" data-widget_type=\"heading.default\">\n\t\t\t\t<div class=\"elementor-widget-container\">\n\t\t\t\t\t<h2 class=\"elementor-heading-title elementor-size-default\">Termine f\u00fcr den SVEB-Kurs in Z\u00fcrich<\/h2>\t\t\t\t<\/div>\n\t\t\t\t<\/div>\n\t\t\t\t<div class=\"elementor-element elementor-element-e738330 elementor-widget elementor-widget-text-editor\" data-id=\"e738330\" data-element_type=\"widget\" data-e-type=\"widget\" data-widget_type=\"text-editor.default\">\n\t\t\t\t<div class=\"elementor-widget-container\">\n\t\t\t\t\t\t\t\t\t<p>Die Gesamtdauer des Kurses erstreckt sich \u00fcber <strong>4 Monate<\/strong>. Der Unterricht findet jeweils am <strong>Freitag oder Samstag<\/strong> von <strong>09:00 Uhr bis 17:30 Uhr<\/strong> statt.<\/p>\n<p>Unsere Kurse finden in Z\u00fcrich statt, hier finden Sie eine \u00dcbersicht \u00fcber die Termine:<\/p>\n\n<table id=\"tablepress-17\" class=\"tablepress tablepress-id-17\">\n<thead>\n<tr class=\"row-1\">\n\t<th class=\"column-1\">Ort<\/th><th class=\"column-2\">Dauer<\/th><th class=\"column-3\">Zeit<\/th><th class=\"column-4\">Preis<\/th><td class=\"column-5\"><\/td>\n<\/tr>\n<\/thead>\n<tbody class=\"row-striping row-hover\">\n<tr class=\"row-2\">\n\t<td class=\"column-1\">Z\u00fcrich HB<\/td><td class=\"column-2\">freitags 28.08.2026-11.12.2026<\/td><td class=\"column-3\">09:00 Uhr bis 17:30 Uhr<\/td><td class=\"column-4\">CHF 3990<\/td><td class=\"column-5\"><a href=\"https:\/\/italksprachschule.ch\/de\/anmeldung-zum-sveb\/?ort=Zurich+HB&amp;kurstermine=freitags+28.08.2026-11.12.2026\">ANMELDEN<\/a><\/td>\n<\/tr>\n<tr class=\"row-3\">\n\t<td class=\"column-1\">Z\u00fcrich HB<\/td><td class=\"column-2\">samstags  29.08.2026-12.12.2026<\/td><td class=\"column-3\">09:00 Uhr bis 17:30 Uhr<\/td><td class=\"column-4\">CHF 3990<\/td><td class=\"column-5\"><a href=\"https:\/\/italksprachschule.ch\/de\/anmeldung-zum-sveb\/?ort=Zurich+HB&amp;kurstermine=samstags+29.08.2026-12.12.2026\">ANMELDEN<\/a><\/td>\n<\/tr>\n<\/tbody>\n<\/table>\n\n\t\t\t\t\t\t\t\t<\/div>\n\t\t\t\t<\/div>\n\t\t\t\t<div class=\"elementor-element elementor-element-3ea7ece elementor-widget elementor-widget-heading\" data-id=\"3ea7ece\" data-element_type=\"widget\" data-e-type=\"widget\" data-widget_type=\"heading.default\">\n\t\t\t\t<div class=\"elementor-widget-container\">\n\t\t\t\t\t<h2 class=\"elementor-heading-title elementor-size-default\">Kosten f\u00fcr den SVEB-Kurs in Z\u00fcrich<\/h2>\t\t\t\t<\/div>\n\t\t\t\t<\/div>\n\t\t\t\t<section class=\"elementor-section elementor-inner-section elementor-element elementor-element-d030c57 elementor-section-boxed elementor-section-height-default elementor-section-height-default\" data-id=\"d030c57\" data-element_type=\"section\" data-e-type=\"section\">\n\t\t\t\t\t\t<div class=\"elementor-container elementor-column-gap-default\">\n\t\t\t\t\t<div class=\"elementor-column elementor-col-50 elementor-inner-column elementor-element elementor-element-7b663d2\" data-id=\"7b663d2\" data-element_type=\"column\" data-e-type=\"column\">\n\t\t\t<div class=\"elementor-widget-wrap elementor-element-populated\">\n\t\t\t\t\t\t<div class=\"elementor-element elementor-element-f568893 elementor-widget elementor-widget-text-editor\" data-id=\"f568893\" data-element_type=\"widget\" data-e-type=\"widget\" data-widget_type=\"text-editor.default\">\n\t\t\t\t<div class=\"elementor-widget-container\">\n\t\t\t\t\t\t\t\t\t<p>CHF 3990.- \u00a0inkl. Zertifizierungsgeb\u00fchren, exkl. Kursunterlagen (CHF 100)<\/p>\n<p><span style=\"color: #ff0000;\">* 50% Subventionen<\/span><\/p>\n<p>* Nach Besuch aller Module und Abschluss des eidgen\u00f6ssischen Fachausweis Ausbilder\/in (unabh\u00e4ngig vom Pr\u00fcfungserfolg) erhalten Sie durch Bundessubventionen 50% der Kurskosten zur\u00fcckerstattet.<\/p>\n<p>M\u00f6chten Sie in Raten zahlen? Sie k\u00f6nnen einen passenden Plan w\u00e4hlen:<\/p>\n<p>3 Zahlungsraten von CHF 1430 inklusive Material und Verwaltungsgeb\u00fchr<\/p>\n<p>4 Zahlungsraten von CHF 1075 inklusive Material und Verwaltungsgeb\u00fchr<\/p>\n\t\t\t\t\t\t\t\t<\/div>\n\t\t\t\t<\/div>\n\t\t\t\t\t<\/div>\n\t\t<\/div>\n\t\t\t\t<div class=\"elementor-column elementor-col-50 elementor-inner-column elementor-element elementor-element-12ede99\" data-id=\"12ede99\" data-element_type=\"column\" data-e-type=\"column\">\n\t\t\t<div class=\"elementor-widget-wrap elementor-element-populated\">\n\t\t\t\t\t\t<div class=\"elementor-element elementor-element-765ea61 elementor-widget elementor-widget-image\" data-id=\"765ea61\" data-element_type=\"widget\" data-e-type=\"widget\" data-widget_type=\"image.default\">\n\t\t\t\t<div class=\"elementor-widget-container\">\n\t\t\t\t\t\t\t\t\t\t\t\t\t\t\t<img decoding=\"async\" width=\"238\" height=\"251\" src=\"https:\/\/italksprachschule.ch\/wp-content\/uploads\/2021\/03\/SVEB2.jpg\" class=\"attachment-medium size-medium wp-image-4312\" alt=\"\" \/>\t\t\t\t\t\t\t\t\t\t\t\t\t\t\t<\/div>\n\t\t\t\t<\/div>\n\t\t\t\t\t<\/div>\n\t\t<\/div>\n\t\t\t\t\t<\/div>\n\t\t<\/section>\n\t\t\t\t\t<\/div>\n\t\t<\/div>\n\t\t\t\t\t<\/div>\n\t\t<\/section>\n\t\t\t\t<section class=\"elementor-section elementor-top-section elementor-element elementor-element-cf6e13c elementor-section-boxed elementor-section-height-default elementor-section-height-default\" data-id=\"cf6e13c\" data-element_type=\"section\" data-e-type=\"section\" data-settings=\"{&quot;background_background&quot;:&quot;classic&quot;}\">\n\t\t\t\t\t\t<div class=\"elementor-container elementor-column-gap-wider\">\n\t\t\t\t\t<div class=\"elementor-column elementor-col-100 elementor-top-column elementor-element elementor-element-c83cc9c\" data-id=\"c83cc9c\" data-element_type=\"column\" data-e-type=\"column\">\n\t\t\t<div class=\"elementor-widget-wrap elementor-element-populated\">\n\t\t\t\t\t\t<section class=\"elementor-section elementor-inner-section elementor-element elementor-element-06953f2 elementor-section-boxed elementor-section-height-default elementor-section-height-default\" data-id=\"06953f2\" data-element_type=\"section\" data-e-type=\"section\">\n\t\t\t\t\t\t<div class=\"elementor-container elementor-column-gap-default\">\n\t\t\t\t\t<div class=\"elementor-column elementor-col-100 elementor-inner-column elementor-element elementor-element-55bfc03\" data-id=\"55bfc03\" data-element_type=\"column\" data-e-type=\"column\" data-settings=\"{&quot;background_background&quot;:&quot;classic&quot;}\">\n\t\t\t<div class=\"elementor-widget-wrap elementor-element-populated\">\n\t\t\t\t\t\t<div class=\"elementor-element elementor-element-24a4f58 elementor-widget elementor-widget-heading\" data-id=\"24a4f58\" data-element_type=\"widget\" data-e-type=\"widget\" data-widget_type=\"heading.default\">\n\t\t\t\t<div class=\"elementor-widget-container\">\n\t\t\t\t\t<p class=\"elementor-heading-title elementor-size-default\">ANMELDUNG<\/p>\t\t\t\t<\/div>\n\t\t\t\t<\/div>\n\t\t\t\t<div class=\"elementor-element elementor-element-7b221df elementor-widget elementor-widget-text-editor\" data-id=\"7b221df\" data-element_type=\"widget\" data-e-type=\"widget\" data-widget_type=\"text-editor.default\">\n\t\t\t\t<div class=\"elementor-widget-container\">\n\t\t\t\t\t\t\t\t\t<p><strong>Die Teilnehmendenzahl ist beschr\u00e4nkt.<\/strong> Anmeldungen werden in der Reihenfolge ihres Eingangs ber\u00fccksichtigt. Die Anmeldung zum Kurs SVEB-Zertifikat Kursleiter\/in kann mit dem folgenden Formular online oder direkt im B\u00fcro der Italk Sprachschule GmbH erfolgen.<\/p>\n<p>Es gelten die allgemeinen Gesch\u00e4ftsbedingungen.<\/p>\n\t\t\t\t\t\t\t\t<\/div>\n\t\t\t\t<\/div>\n\t\t\t\t<div class=\"elementor-element elementor-element-98c81b8 elementor-align-center elementor-widget elementor-widget-button\" data-id=\"98c81b8\" data-element_type=\"widget\" data-e-type=\"widget\" data-widget_type=\"button.default\">\n\t\t\t\t<div class=\"elementor-widget-container\">\n\t\t\t\t\t\t\t\t\t<div class=\"elementor-button-wrapper\">\n\t\t\t\t\t<a class=\"elementor-button elementor-button-link elementor-size-sm\" href=\"https:\/\/italksprachschule.ch\/de\/anmeldung-zum-sveb\/\" target=\"_blank\">\n\t\t\t\t\t\t<span class=\"elementor-button-content-wrapper\">\n\t\t\t\t\t\t\t\t\t<span class=\"elementor-button-text\">Jetzt Platz sichern<\/span>\n\t\t\t\t\t<\/span>\n\t\t\t\t\t<\/a>\n\t\t\t\t<\/div>\n\t\t\t\t\t\t\t\t<\/div>\n\t\t\t\t<\/div>\n\t\t\t\t\t<\/div>\n\t\t<\/div>\n\t\t\t\t\t<\/div>\n\t\t<\/section>\n\t\t\t\t\t<\/div>\n\t\t<\/div>\n\t\t\t\t\t<\/div>\n\t\t<\/section>\n\t\t\t\t<\/div>\n\t\t","protected":false},"excerpt":{"rendered":"<p>SVEB-Zertifikat Kursleiter: Ausbildung in der Erwachsenenbildung Ihr Einstieg in die Erwachsenenbildung: Qualifizieren Sie sich mit dem offiziellen SVEB-Zertifikat (SVEB 1) f\u00fcr die Durchf\u00fchrung von Lernveranstaltungen mit Erwachsenen. CHF 3990.-\u00a0exkl. Kursunterlagen Jetzt zum SVEB-Kurs anmelden Was ist das SVEB-Zertifikat Kursleiter\/in (SVEB 1)? Das SVEB-Zertifikat Kursleiter\/in (Modul 1) \u2013 auch bekannt als SVEB 1 \u2013 ist der [&hellip;]<\/p>\n","protected":false},"author":6,"featured_media":0,"parent":0,"menu_order":0,"comment_status":"closed","ping_status":"closed","template":"elementor_header_footer","meta":{"footnotes":""},"class_list":["post-11722","page","type-page","status-publish","hentry"],"_links":{"self":[{"href":"https:\/\/italksprachschule.ch\/de\/wp-json\/wp\/v2\/pages\/11722","targetHints":{"allow":["GET"]}}],"collection":[{"href":"https:\/\/italksprachschule.ch\/de\/wp-json\/wp\/v2\/pages"}],"about":[{"href":"https:\/\/italksprachschule.ch\/de\/wp-json\/wp\/v2\/types\/page"}],"author":[{"embeddable":true,"href":"https:\/\/italksprachschule.ch\/de\/wp-json\/wp\/v2\/users\/6"}],"replies":[{"embeddable":true,"href":"https:\/\/italksprachschule.ch\/de\/wp-json\/wp\/v2\/comments?post=11722"}],"version-history":[{"count":1,"href":"https:\/\/italksprachschule.ch\/de\/wp-json\/wp\/v2\/pages\/11722\/revisions"}],"predecessor-version":[{"id":11724,"href":"https:\/\/italksprachschule.ch\/de\/wp-json\/wp\/v2\/pages\/11722\/revisions\/11724"}],"wp:attachment":[{"href":"https:\/\/italksprachschule.ch\/de\/wp-json\/wp\/v2\/media?parent=11722"}],"curies":[{"name":"wp","href":"https:\/\/api.w.org\/{rel}","templated":true}]}}