{"id":6360,"date":"2023-11-07T19:19:01","date_gmt":"2023-11-07T17:19:01","guid":{"rendered":"https:\/\/italksprachschule.ch\/free-german-resources\/"},"modified":"2025-09-05T10:39:03","modified_gmt":"2025-09-05T08:39:03","slug":"ubungen","status":"publish","type":"page","link":"https:\/\/italksprachschule.ch\/de\/ubungen\/","title":{"rendered":"Gratis Zusatzmaterialien"},"content":{"rendered":"\t\t<div data-elementor-type=\"wp-page\" data-elementor-id=\"6360\" class=\"elementor elementor-6360 elementor-1654\" data-elementor-post-type=\"page\">\n\t\t\t\t\t\t<section class=\"elementor-section elementor-top-section elementor-element elementor-element-160f021e elementor-section-boxed elementor-section-height-default elementor-section-height-default\" data-id=\"160f021e\" data-element_type=\"section\" data-e-type=\"section\">\n\t\t\t\t\t\t<div class=\"elementor-container elementor-column-gap-default\">\n\t\t\t\t\t<div class=\"elementor-column elementor-col-100 elementor-top-column elementor-element elementor-element-4e1be556\" data-id=\"4e1be556\" data-element_type=\"column\" data-e-type=\"column\">\n\t\t\t<div class=\"elementor-widget-wrap elementor-element-populated\">\n\t\t\t\t\t\t<div class=\"elementor-element elementor-element-1c8db05d elementor-widget elementor-widget-text-editor\" data-id=\"1c8db05d\" data-element_type=\"widget\" data-e-type=\"widget\" data-widget_type=\"text-editor.default\">\n\t\t\t\t<div class=\"elementor-widget-container\">\n\t\t\t\t\t\t\t\t\t<h3>Italk Sprachschule hat eine Menge von Zusatzmaterialien erstellt, die Ihnen beim Erlernen oder Verbessern der deutschen Sprache helfen.<\/h3>\n\t\t\t\t\t\t\t\t<\/div>\n\t\t\t\t<\/div>\n\t\t\t\t<div class=\"elementor-element elementor-element-a25cd13 elementor-widget elementor-widget-text-editor\" data-id=\"a25cd13\" data-element_type=\"widget\" data-e-type=\"widget\" data-widget_type=\"text-editor.default\">\n\t\t\t\t<div class=\"elementor-widget-container\">\n\t\t\t\t\t\t\t\t\t<h4>Was Sie hier finden k\u00f6nnen\u2026<\/h4>\n\t\t\t\t\t\t\t\t<\/div>\n\t\t\t\t<\/div>\n\t\t\t\t<section class=\"elementor-section elementor-inner-section elementor-element elementor-element-0f0e2f1 elementor-section-boxed elementor-section-height-default elementor-section-height-default\" data-id=\"0f0e2f1\" data-element_type=\"section\" data-e-type=\"section\">\n\t\t\t\t\t\t<div class=\"elementor-container elementor-column-gap-wider\">\n\t\t\t\t\t<div class=\"elementor-column elementor-col-50 elementor-inner-column elementor-element elementor-element-0c5269d\" data-id=\"0c5269d\" data-element_type=\"column\" data-e-type=\"column\">\n\t\t\t<div class=\"elementor-widget-wrap elementor-element-populated\">\n\t\t\t\t\t\t<div class=\"elementor-element elementor-element-9418e9f elementor-widget elementor-widget-text-editor\" data-id=\"9418e9f\" data-element_type=\"widget\" data-e-type=\"widget\" data-widget_type=\"text-editor.default\">\n\t\t\t\t<div class=\"elementor-widget-container\">\n\t\t\t\t\t\t\t\t\t<strong>VIDEOS F\u00dcR ALLE NIVEAUS<\/strong> &#8211; <a href=\"https:\/\/italksprachschule.ch\/de\/deutsch-hoerverstehen\/\" target=\"_blank\" rel=\"noopener\">Unsere Videos<\/a>\t\t\t\t\t\t\t\t<\/div>\n\t\t\t\t<\/div>\n\t\t\t\t<div class=\"elementor-element elementor-element-a0cf98e elementor-widget elementor-widget-image\" data-id=\"a0cf98e\" data-element_type=\"widget\" data-e-type=\"widget\" data-widget_type=\"image.default\">\n\t\t\t\t<div class=\"elementor-widget-container\">\n\t\t\t\t\t\t\t\t\t\t\t\t\t\t\t\t<a href=\"https:\/\/italksprachschule.ch\/de\/deutsch-hoerverstehen\/\">\n\t\t\t\t\t\t\t<img fetchpriority=\"high\" decoding=\"async\" width=\"800\" height=\"450\" src=\"https:\/\/italksprachschule.ch\/wp-content\/uploads\/2021\/05\/Screenshot_2021-05-18-Italk-School-of-Languages-1024x576.png\" class=\"attachment-large size-large wp-image-4957\" alt=\"\" srcset=\"https:\/\/italksprachschule.ch\/wp-content\/uploads\/2021\/05\/Screenshot_2021-05-18-Italk-School-of-Languages-1024x576.png 1024w, https:\/\/italksprachschule.ch\/wp-content\/uploads\/2021\/05\/Screenshot_2021-05-18-Italk-School-of-Languages-300x169.png 300w, https:\/\/italksprachschule.ch\/wp-content\/uploads\/2021\/05\/Screenshot_2021-05-18-Italk-School-of-Languages-768x432.png 768w, https:\/\/italksprachschule.ch\/wp-content\/uploads\/2021\/05\/Screenshot_2021-05-18-Italk-School-of-Languages.png 1090w\" sizes=\"(max-width: 800px) 100vw, 800px\" \/>\t\t\t\t\t\t\t\t<\/a>\n\t\t\t\t\t\t\t\t\t\t\t\t\t\t\t<\/div>\n\t\t\t\t<\/div>\n\t\t\t\t\t<\/div>\n\t\t<\/div>\n\t\t\t\t<div class=\"elementor-column elementor-col-50 elementor-inner-column elementor-element elementor-element-7a07070\" data-id=\"7a07070\" data-element_type=\"column\" data-e-type=\"column\">\n\t\t\t<div class=\"elementor-widget-wrap elementor-element-populated\">\n\t\t\t\t\t\t<div class=\"elementor-element elementor-element-ecae1ab elementor-widget elementor-widget-text-editor\" data-id=\"ecae1ab\" data-element_type=\"widget\" data-e-type=\"widget\" data-widget_type=\"text-editor.default\">\n\t\t\t\t<div class=\"elementor-widget-container\">\n\t\t\t\t\t\t\t\t\t<p><strong>HILFE BEI DER TELC-VORBEREITUNG F\u00dcR VERSCHIEDENE NIVEAUS<\/strong><\/p>\n<p><a href=\"https:\/\/italksprachschule.ch\/de\/telc-a1-deutsch-modelltest\/\" target=\"_blank\" rel=\"noopener\">telc A1 Start Deutsch Zertifikat<\/a><\/p>\n<p><a href=\"https:\/\/italksprachschule.ch\/de\/telc-a2-deutsch-modelltest\/\" target=\"_blank\" rel=\"noopener\">telc A2 Start Deutsch Zertifikat<\/a><\/p>\n<p><a href=\"https:\/\/italksprachschule.ch\/de\/telc-b1-deutsch-modelltest\/\" target=\"_blank\" rel=\"noopener\">telc B1 Deutsch Zertifikat<\/a><\/p>\n<p><a href=\"https:\/\/italksprachschule.ch\/de\/telc-b2-deutsch-modelltest\/\" target=\"_blank\" rel=\"noopener\">telc B2 Deutsch Zertifikat<\/a><\/p>\n<p><a href=\"https:\/\/italksprachschule.ch\/de\/telc-c1-deutsch-modelltest\/\" target=\"_blank\" rel=\"noopener\">telc C1 Deutsch Zertifikat<\/a><\/p>\n\t\t\t\t\t\t\t\t<\/div>\n\t\t\t\t<\/div>\n\t\t\t\t\t<\/div>\n\t\t<\/div>\n\t\t\t\t\t<\/div>\n\t\t<\/section>\n\t\t\t\t<div class=\"elementor-element elementor-element-dc49872 elementor-widget-divider--view-line_icon elementor-view-default elementor-widget-divider--element-align-center elementor-widget elementor-widget-divider\" data-id=\"dc49872\" data-element_type=\"widget\" data-e-type=\"widget\" data-widget_type=\"divider.default\">\n\t\t\t\t<div class=\"elementor-widget-container\">\n\t\t\t\t\t\t\t<div class=\"elementor-divider\">\n\t\t\t<span class=\"elementor-divider-separator\">\n\t\t\t\t\t\t\t<div class=\"elementor-icon elementor-divider__element\">\n\t\t\t\t\t<i aria-hidden=\"true\" class=\"fas fa-book-reader\"><\/i><\/div>\n\t\t\t\t\t\t<\/span>\n\t\t<\/div>\n\t\t\t\t\t\t<\/div>\n\t\t\t\t<\/div>\n\t\t\t\t<section class=\"elementor-section elementor-inner-section elementor-element elementor-element-5efa37e elementor-section-boxed elementor-section-height-default elementor-section-height-default\" data-id=\"5efa37e\" data-element_type=\"section\" data-e-type=\"section\">\n\t\t\t\t\t\t<div class=\"elementor-container elementor-column-gap-wider\">\n\t\t\t\t\t<div class=\"elementor-column elementor-col-50 elementor-inner-column elementor-element elementor-element-c87a246\" data-id=\"c87a246\" data-element_type=\"column\" data-e-type=\"column\">\n\t\t\t<div class=\"elementor-widget-wrap elementor-element-populated\">\n\t\t\t\t\t\t<div class=\"elementor-element elementor-element-7827422 elementor-widget elementor-widget-text-editor\" data-id=\"7827422\" data-element_type=\"widget\" data-e-type=\"widget\" data-widget_type=\"text-editor.default\">\n\t\t\t\t<div class=\"elementor-widget-container\">\n\t\t\t\t\t\t\t\t\t<p><strong>LESEMATERIALIEN F\u00dcR VERSCHIEDENE NIVEAUS<\/strong><\/p>\n<p><a href=\"https:\/\/italksprachschule.ch\/de\/ubungen\/lesen-a1-a2\/\" target=\"_blank\" rel=\"noopener\">Lesen \u2013 A1\/A2<\/a><\/p>\n<p><a href=\"https:\/\/italksprachschule.ch\/de\/ubungen\/lesen-b1\/\" target=\"_blank\" rel=\"noopener\">Lesen \u2013 B1<\/a><\/p>\n<p><a href=\"https:\/\/italksprachschule.ch\/de\/ubungen\/lesen-b2-c1\/\" target=\"_blank\" rel=\"noopener\">Lesen \u2013 B2\/C1<\/a><\/p>\n\t\t\t\t\t\t\t\t<\/div>\n\t\t\t\t<\/div>\n\t\t\t\t\t<\/div>\n\t\t<\/div>\n\t\t\t\t<div class=\"elementor-column elementor-col-50 elementor-inner-column elementor-element elementor-element-dc495c2\" data-id=\"dc495c2\" data-element_type=\"column\" data-e-type=\"column\">\n\t\t\t<div class=\"elementor-widget-wrap elementor-element-populated\">\n\t\t\t\t\t\t<div class=\"elementor-element elementor-element-95ab711 elementor-widget elementor-widget-text-editor\" data-id=\"95ab711\" data-element_type=\"widget\" data-e-type=\"widget\" data-widget_type=\"text-editor.default\">\n\t\t\t\t<div class=\"elementor-widget-container\">\n\t\t\t\t\t\t\t\t\t<p><strong>H\u00d6RMATERIALIEN F\u00dcR VERSCHIEDENE NIVEAUS<\/strong><\/p>\n<p><a href=\"https:\/\/italksprachschule.ch\/de\/ubungen\/hoeren-a1-a2\/\" target=\"_blank\" rel=\"noopener\">H\u00f6ren A1-A2<\/a><\/p>\n<p><a href=\"https:\/\/italksprachschule.ch\/de\/ubungen\/hoeren-b1\/\" target=\"_blank\" rel=\"noopener\">H\u00f6ren B1<\/a><\/p>\n<p><a href=\"https:\/\/italksprachschule.ch\/de\/ubungen\/hoeren-b2-c1\/\" target=\"_blank\" rel=\"noopener\">H\u00f6ren B2\/C1<\/a><\/p>\n\t\t\t\t\t\t\t\t<\/div>\n\t\t\t\t<\/div>\n\t\t\t\t\t<\/div>\n\t\t<\/div>\n\t\t\t\t\t<\/div>\n\t\t<\/section>\n\t\t\t\t<div class=\"elementor-element elementor-element-5209dc4 elementor-widget-divider--view-line_icon elementor-view-default elementor-widget-divider--element-align-center elementor-widget elementor-widget-divider\" data-id=\"5209dc4\" data-element_type=\"widget\" data-e-type=\"widget\" data-widget_type=\"divider.default\">\n\t\t\t\t<div class=\"elementor-widget-container\">\n\t\t\t\t\t\t\t<div class=\"elementor-divider\">\n\t\t\t<span class=\"elementor-divider-separator\">\n\t\t\t\t\t\t\t<div class=\"elementor-icon elementor-divider__element\">\n\t\t\t\t\t<i aria-hidden=\"true\" class=\"fas fa-book-reader\"><\/i><\/div>\n\t\t\t\t\t\t<\/span>\n\t\t<\/div>\n\t\t\t\t\t\t<\/div>\n\t\t\t\t<\/div>\n\t\t\t\t<section class=\"elementor-section elementor-inner-section elementor-element elementor-element-1e72653 elementor-section-boxed elementor-section-height-default elementor-section-height-default\" data-id=\"1e72653\" data-element_type=\"section\" data-e-type=\"section\">\n\t\t\t\t\t\t<div class=\"elementor-container elementor-column-gap-wider\">\n\t\t\t\t\t<div class=\"elementor-column elementor-col-50 elementor-inner-column elementor-element elementor-element-57e9f72\" data-id=\"57e9f72\" data-element_type=\"column\" data-e-type=\"column\">\n\t\t\t<div class=\"elementor-widget-wrap elementor-element-populated\">\n\t\t\t\t\t\t<div class=\"elementor-element elementor-element-4a57be9 elementor-widget elementor-widget-text-editor\" data-id=\"4a57be9\" data-element_type=\"widget\" data-e-type=\"widget\" data-widget_type=\"text-editor.default\">\n\t\t\t\t<div class=\"elementor-widget-container\">\n\t\t\t\t\t\t\t\t\t<p><strong>GRAMMATIK\u00dcBUNGEN F\u00dcR VERSCHIEDENE NIVEAUS: KONJUGATION, ZEITFORMEN DER VERBEN, VERBEN MIT AKKUSATIV UND DATIV, VERBEN MIT PR\u00c4POSITIONEN<\/strong><\/p>\n<p><a href=\"https:\/\/italksprachschule.ch\/de\/ubungen\/grammatik\/\" target=\"_blank\" rel=\"noopener\">Grammatik<\/a><\/p>\n\t\t\t\t\t\t\t\t<\/div>\n\t\t\t\t<\/div>\n\t\t\t\t\t<\/div>\n\t\t<\/div>\n\t\t\t\t<div class=\"elementor-column elementor-col-50 elementor-inner-column elementor-element elementor-element-1b5874d\" data-id=\"1b5874d\" data-element_type=\"column\" data-e-type=\"column\">\n\t\t\t<div class=\"elementor-widget-wrap elementor-element-populated\">\n\t\t\t\t\t\t<div class=\"elementor-element elementor-element-0252f04 elementor-widget elementor-widget-text-editor\" data-id=\"0252f04\" data-element_type=\"widget\" data-e-type=\"widget\" data-widget_type=\"text-editor.default\">\n\t\t\t\t<div class=\"elementor-widget-container\">\n\t\t\t\t\t\t\t\t\t<p><strong>ADJEKTIVE, SUBSTANTIVE, KONNEKTOREN, HILFE BEI TYPISCHEN GRAMMATIKFEHLERN<\/strong><\/p>\n<p><a href=\"https:\/\/italksprachschule.ch\/de\/ubungen\/grammatik\/adjektive\/\" target=\"_blank\" rel=\"noopener\">Adjektive<\/a><\/p>\n<p><a href=\"https:\/\/italksprachschule.ch\/de\/ubungen\/grammatik\/substantive\/\" target=\"_blank\" rel=\"noopener\">Substantive<\/a><\/p>\n<p><a href=\"https:\/\/italksprachschule.ch\/de\/ubungen\/grammatik\/konnektoren\/\" target=\"_blank\" rel=\"noopener\">Konnektoren<\/a><\/p>\n<p><a href=\"https:\/\/italksprachschule.ch\/de\/ubungen\/grammatik\/typische-grammatikfehler\/\" target=\"_blank\" rel=\"noopener\">Typische Fehler&nbsp;<\/a><\/p>\n\t\t\t\t\t\t\t\t<\/div>\n\t\t\t\t<\/div>\n\t\t\t\t\t<\/div>\n\t\t<\/div>\n\t\t\t\t\t<\/div>\n\t\t<\/section>\n\t\t\t\t<div class=\"elementor-element elementor-element-0765612 elementor-widget elementor-widget-text-editor\" data-id=\"0765612\" data-element_type=\"widget\" data-e-type=\"widget\" data-widget_type=\"text-editor.default\">\n\t\t\t\t<div class=\"elementor-widget-container\">\n\t\t\t\t\t\t\t\t\t<h4>DADURCH VERBESSERN SIE IHR DEUTSCH GANZ EINFACH OHNE ZUS\u00c4TZLICHE KOSTEN\u2026<\/h4>\n\t\t\t\t\t\t\t\t<\/div>\n\t\t\t\t<\/div>\n\t\t\t\t\t<\/div>\n\t\t<\/div>\n\t\t\t\t\t<\/div>\n\t\t<\/section>\n\t\t\t\t<\/div>\n\t\t","protected":false},"excerpt":{"rendered":"<p>Italk Sprachschule hat eine Menge von Zusatzmaterialien erstellt, die Ihnen beim Erlernen oder Verbessern der deutschen Sprache helfen. Was Sie hier finden k\u00f6nnen\u2026 VIDEOS F\u00dcR ALLE NIVEAUS &#8211; Unsere Videos HILFE BEI DER TELC-VORBEREITUNG F\u00dcR VERSCHIEDENE NIVEAUS telc A1 Start Deutsch Zertifikat telc A2 Start Deutsch Zertifikat telc B1 Deutsch Zertifikat telc B2 Deutsch Zertifikat [&hellip;]<\/p>\n","protected":false},"author":6,"featured_media":0,"parent":0,"menu_order":0,"comment_status":"closed","ping_status":"closed","template":"","meta":{"footnotes":""},"class_list":["post-6360","page","type-page","status-publish","hentry"],"_links":{"self":[{"href":"https:\/\/italksprachschule.ch\/de\/wp-json\/wp\/v2\/pages\/6360","targetHints":{"allow":["GET"]}}],"collection":[{"href":"https:\/\/italksprachschule.ch\/de\/wp-json\/wp\/v2\/pages"}],"about":[{"href":"https:\/\/italksprachschule.ch\/de\/wp-json\/wp\/v2\/types\/page"}],"author":[{"embeddable":true,"href":"https:\/\/italksprachschule.ch\/de\/wp-json\/wp\/v2\/users\/6"}],"replies":[{"embeddable":true,"href":"https:\/\/italksprachschule.ch\/de\/wp-json\/wp\/v2\/comments?post=6360"}],"version-history":[{"count":56,"href":"https:\/\/italksprachschule.ch\/de\/wp-json\/wp\/v2\/pages\/6360\/revisions"}],"predecessor-version":[{"id":10664,"href":"https:\/\/italksprachschule.ch\/de\/wp-json\/wp\/v2\/pages\/6360\/revisions\/10664"}],"wp:attachment":[{"href":"https:\/\/italksprachschule.ch\/de\/wp-json\/wp\/v2\/media?parent=6360"}],"curies":[{"name":"wp","href":"https:\/\/api.w.org\/{rel}","templated":true}]}}