{"id":6954,"date":"2024-06-10T16:02:06","date_gmt":"2024-06-10T14:02:06","guid":{"rendered":"https:\/\/italksprachschule.ch\/pflege-b1-b2\/"},"modified":"2026-02-03T18:50:08","modified_gmt":"2026-02-03T16:50:08","slug":"pflege-b1-b2","status":"publish","type":"page","link":"https:\/\/italksprachschule.ch\/de\/pflege-b1-b2\/","title":{"rendered":"telc Deutsch B1-B2 Pflege Zertifikat"},"content":{"rendered":"\t\t<div data-elementor-type=\"wp-page\" data-elementor-id=\"6954\" class=\"elementor elementor-6954 elementor-6926\" data-elementor-post-type=\"page\">\n\t\t\t\t\t\t<section class=\"elementor-section elementor-top-section elementor-element elementor-element-6f72e4d elementor-section-height-min-height elementor-section-items-top elementor-section-boxed elementor-section-height-default\" data-id=\"6f72e4d\" data-element_type=\"section\" data-e-type=\"section\" data-settings=\"{&quot;background_background&quot;:&quot;classic&quot;}\">\n\t\t\t\t\t\t<div class=\"elementor-container elementor-column-gap-default\">\n\t\t\t\t\t<div class=\"elementor-column elementor-col-100 elementor-top-column elementor-element elementor-element-f9ed200\" data-id=\"f9ed200\" data-element_type=\"column\" data-e-type=\"column\" data-settings=\"{&quot;background_background&quot;:&quot;classic&quot;}\">\n\t\t\t<div class=\"elementor-widget-wrap elementor-element-populated\">\n\t\t\t\t\t\t<div class=\"elementor-element elementor-element-29259b1 elementor-widget elementor-widget-heading\" data-id=\"29259b1\" data-element_type=\"widget\" data-e-type=\"widget\" data-widget_type=\"heading.default\">\n\t\t\t\t<div class=\"elementor-widget-container\">\n\t\t\t\t\t<h1 class=\"elementor-heading-title elementor-size-default\">telc B1-B2 Pflege Pr\u00fcfung: Erfolgreich bestehen<\/h1>\t\t\t\t<\/div>\n\t\t\t\t<\/div>\n\t\t\t\t\t<\/div>\n\t\t<\/div>\n\t\t\t\t\t<\/div>\n\t\t<\/section>\n\t\t\t\t<section class=\"elementor-section elementor-top-section elementor-element elementor-element-dadafa1 elementor-section-full_width elementor-section-height-default elementor-section-height-default\" data-id=\"dadafa1\" data-element_type=\"section\" data-e-type=\"section\" data-settings=\"{&quot;background_background&quot;:&quot;classic&quot;}\">\n\t\t\t\t\t\t<div class=\"elementor-container elementor-column-gap-no\">\n\t\t\t\t\t<div class=\"elementor-column elementor-col-100 elementor-top-column elementor-element elementor-element-2f7147b\" data-id=\"2f7147b\" data-element_type=\"column\" data-e-type=\"column\">\n\t\t\t<div class=\"elementor-widget-wrap elementor-element-populated\">\n\t\t\t\t\t\t<div class=\"elementor-element elementor-element-a85b578 elementor-nav-menu__align-center elementor-nav-menu--dropdown-tablet elementor-nav-menu__text-align-aside elementor-nav-menu--toggle elementor-nav-menu--burger elementor-widget elementor-widget-nav-menu\" data-id=\"a85b578\" data-element_type=\"widget\" data-e-type=\"widget\" data-settings=\"{&quot;layout&quot;:&quot;horizontal&quot;,&quot;submenu_icon&quot;:{&quot;value&quot;:&quot;&lt;i class=\\&quot;fas fa-caret-down\\&quot; aria-hidden=\\&quot;true\\&quot;&gt;&lt;\\\/i&gt;&quot;,&quot;library&quot;:&quot;fa-solid&quot;},&quot;toggle&quot;:&quot;burger&quot;}\" data-widget_type=\"nav-menu.default\">\n\t\t\t\t<div class=\"elementor-widget-container\">\n\t\t\t\t\t\t\t\t<nav aria-label=\"Menu\" class=\"elementor-nav-menu--main elementor-nav-menu__container elementor-nav-menu--layout-horizontal e--pointer-underline e--animation-fade\">\n\t\t\t\t<ul id=\"menu-1-a85b578\" class=\"elementor-nav-menu\"><li class=\"menu-item menu-item-type-post_type menu-item-object-page menu-item-7460\"><a href=\"https:\/\/italksprachschule.ch\/de\/pflege-b1-b2-vorbereitungskurs\/\" class=\"elementor-item\">Vorbereitungskurse<\/a><\/li>\n<li class=\"menu-item menu-item-type-post_type menu-item-object-page menu-item-7461\"><a href=\"https:\/\/italksprachschule.ch\/de\/telc-deutsch-b1-b2-modelltest\/\" class=\"elementor-item\">Modelltest<\/a><\/li>\n<li class=\"menu-item menu-item-type-post_type menu-item-object-page menu-item-7462\"><a href=\"https:\/\/italksprachschule.ch\/de\/pflege-b1-b2\/\" class=\"elementor-item\">Zertifikats\u00fcbersicht<\/a><\/li>\n<li class=\"menu-item menu-item-type-post_type menu-item-object-page menu-item-7463\"><a href=\"https:\/\/italksprachschule.ch\/de\/telc-b1-b2-deutsch-vorstellungsgespraech-training\/\" class=\"elementor-item\">Vorbereitung auf Vorstellungsgespr\u00e4ch<\/a><\/li>\n<li class=\"menu-item menu-item-type-post_type menu-item-object-page menu-item-7469\"><a target=\"_blank\" href=\"https:\/\/italksprachschule.ch\/de\/geld-zurueck-garantie-versprechen\/\" class=\"elementor-item\">Geld-zur\u00fcck-Garantie<\/a><\/li>\n<li class=\"menu-item menu-item-type-post_type menu-item-object-page menu-item-7464\"><a target=\"_blank\" href=\"https:\/\/italksprachschule.ch\/de\/telc-fragen-antworten\/\" class=\"elementor-item\">Fragen und Antworten<\/a><\/li>\n<\/ul>\t\t\t<\/nav>\n\t\t\t\t\t<div class=\"elementor-menu-toggle\" role=\"button\" tabindex=\"0\" aria-label=\"Men\u00fc Umschalter\" aria-expanded=\"false\">\n\t\t\t<i aria-hidden=\"true\" role=\"presentation\" class=\"elementor-menu-toggle__icon--open eicon-menu-bar\"><\/i><i aria-hidden=\"true\" role=\"presentation\" class=\"elementor-menu-toggle__icon--close eicon-close\"><\/i>\t\t<\/div>\n\t\t\t\t\t<nav class=\"elementor-nav-menu--dropdown elementor-nav-menu__container\" aria-hidden=\"true\">\n\t\t\t\t<ul id=\"menu-2-a85b578\" class=\"elementor-nav-menu\"><li class=\"menu-item menu-item-type-post_type menu-item-object-page menu-item-7460\"><a href=\"https:\/\/italksprachschule.ch\/de\/pflege-b1-b2-vorbereitungskurs\/\" class=\"elementor-item\" tabindex=\"-1\">Vorbereitungskurse<\/a><\/li>\n<li class=\"menu-item menu-item-type-post_type menu-item-object-page menu-item-7461\"><a href=\"https:\/\/italksprachschule.ch\/de\/telc-deutsch-b1-b2-modelltest\/\" class=\"elementor-item\" tabindex=\"-1\">Modelltest<\/a><\/li>\n<li class=\"menu-item menu-item-type-post_type menu-item-object-page menu-item-7462\"><a href=\"https:\/\/italksprachschule.ch\/de\/pflege-b1-b2\/\" class=\"elementor-item\" tabindex=\"-1\">Zertifikats\u00fcbersicht<\/a><\/li>\n<li class=\"menu-item menu-item-type-post_type menu-item-object-page menu-item-7463\"><a href=\"https:\/\/italksprachschule.ch\/de\/telc-b1-b2-deutsch-vorstellungsgespraech-training\/\" class=\"elementor-item\" tabindex=\"-1\">Vorbereitung auf Vorstellungsgespr\u00e4ch<\/a><\/li>\n<li class=\"menu-item menu-item-type-post_type menu-item-object-page menu-item-7469\"><a target=\"_blank\" href=\"https:\/\/italksprachschule.ch\/de\/geld-zurueck-garantie-versprechen\/\" class=\"elementor-item\" tabindex=\"-1\">Geld-zur\u00fcck-Garantie<\/a><\/li>\n<li class=\"menu-item menu-item-type-post_type menu-item-object-page menu-item-7464\"><a target=\"_blank\" href=\"https:\/\/italksprachschule.ch\/de\/telc-fragen-antworten\/\" class=\"elementor-item\" tabindex=\"-1\">Fragen und Antworten<\/a><\/li>\n<\/ul>\t\t\t<\/nav>\n\t\t\t\t\t\t<\/div>\n\t\t\t\t<\/div>\n\t\t\t\t\t<\/div>\n\t\t<\/div>\n\t\t\t\t\t<\/div>\n\t\t<\/section>\n\t\t\t\t<section class=\"elementor-section elementor-top-section elementor-element elementor-element-57f026f elementor-section-boxed elementor-section-height-default elementor-section-height-default\" data-id=\"57f026f\" data-element_type=\"section\" data-e-type=\"section\" data-settings=\"{&quot;background_background&quot;:&quot;classic&quot;}\">\n\t\t\t\t\t\t<div class=\"elementor-container elementor-column-gap-wide\">\n\t\t\t\t\t<div class=\"elementor-column elementor-col-100 elementor-top-column elementor-element elementor-element-b7b2756\" data-id=\"b7b2756\" data-element_type=\"column\" data-e-type=\"column\">\n\t\t\t<div class=\"elementor-widget-wrap elementor-element-populated\">\n\t\t\t\t\t\t<div class=\"elementor-element elementor-element-df1c62b elementor-widget elementor-widget-text-editor\" data-id=\"df1c62b\" data-element_type=\"widget\" data-e-type=\"widget\" data-widget_type=\"text-editor.default\">\n\t\t\t\t<div class=\"elementor-widget-container\">\n\t\t\t\t\t\t\t\t\t<p><strong>Die Italk Sprachschule hilft Pflegekr\u00e4ften, Physiotherapeuten, Kinesiologen, pharmazeutisch-technischen Assistenten, Zahnarzthelfern, Ergotherapeuten, Hygienikern mit massgeschneiderten Vorbereitungskursen, die telc Deutsch B1-B2 Pflege Pr\u00fcfung zu bestehen. Alle unsere Teilnehmenden haben die Pr\u00fcfungen mit Erfolg bestanden.<\/strong><\/p>\n\t\t\t\t\t\t\t\t<\/div>\n\t\t\t\t<\/div>\n\t\t\t\t<div class=\"elementor-element elementor-element-ea3eafe elementor-widget elementor-widget-button\" data-id=\"ea3eafe\" data-element_type=\"widget\" data-e-type=\"widget\" data-widget_type=\"button.default\">\n\t\t\t\t<div class=\"elementor-widget-container\">\n\t\t\t\t\t\t\t\t\t<div class=\"elementor-button-wrapper\">\n\t\t\t\t\t<a class=\"elementor-button elementor-button-link elementor-size-sm\" href=\"https:\/\/italksprachschule.ch\/de\/enrol\/telc-vorbereitungskurs-anmeldeformular\/\">\n\t\t\t\t\t\t<span class=\"elementor-button-content-wrapper\">\n\t\t\t\t\t\t\t\t\t<span class=\"elementor-button-text\">Jetzt anmelden f\u00fcr einen telc Deutsch B1-B2 Pflege Vorbereitungskurs<\/span>\n\t\t\t\t\t<\/span>\n\t\t\t\t\t<\/a>\n\t\t\t\t<\/div>\n\t\t\t\t\t\t\t\t<\/div>\n\t\t\t\t<\/div>\n\t\t\t\t<div class=\"elementor-element elementor-element-1566452 elementor-widget elementor-widget-button\" data-id=\"1566452\" data-element_type=\"widget\" data-e-type=\"widget\" data-widget_type=\"button.default\">\n\t\t\t\t<div class=\"elementor-widget-container\">\n\t\t\t\t\t\t\t\t\t<div class=\"elementor-button-wrapper\">\n\t\t\t\t\t<a class=\"elementor-button elementor-button-link elementor-size-sm\" href=\"https:\/\/italksprachschule.ch\/de\/enrol\/anmeldung-zu-einer-telc-prufung\/\">\n\t\t\t\t\t\t<span class=\"elementor-button-content-wrapper\">\n\t\t\t\t\t\t\t\t\t<span class=\"elementor-button-text\">Jetzt anmelden f\u00fcr eine telc Deutsch B1-B2 Pflege Pr\u00fcfung<\/span>\n\t\t\t\t\t<\/span>\n\t\t\t\t\t<\/a>\n\t\t\t\t<\/div>\n\t\t\t\t\t\t\t\t<\/div>\n\t\t\t\t<\/div>\n\t\t\t\t\t<\/div>\n\t\t<\/div>\n\t\t\t\t\t<\/div>\n\t\t<\/section>\n\t\t\t\t<section class=\"elementor-section elementor-top-section elementor-element elementor-element-715ca48 elementor-section-boxed elementor-section-height-default elementor-section-height-default\" data-id=\"715ca48\" data-element_type=\"section\" data-e-type=\"section\" data-settings=\"{&quot;background_background&quot;:&quot;classic&quot;}\">\n\t\t\t\t\t\t<div class=\"elementor-container elementor-column-gap-wider\">\n\t\t\t\t\t<div class=\"elementor-column elementor-col-100 elementor-top-column elementor-element elementor-element-85d4d1d\" data-id=\"85d4d1d\" data-element_type=\"column\" data-e-type=\"column\">\n\t\t\t<div class=\"elementor-widget-wrap elementor-element-populated\">\n\t\t\t\t\t\t<div class=\"elementor-element elementor-element-d3cda6d elementor-widget elementor-widget-text-editor\" data-id=\"d3cda6d\" data-element_type=\"widget\" data-e-type=\"widget\" data-widget_type=\"text-editor.default\">\n\t\t\t\t<div class=\"elementor-widget-container\">\n\t\t\t\t\t\t\t\t\t<h3><strong>Wie kann die Italk Sprachschule Ihnen helfen, das telc B1-B2 Pflege Zertifikat zu erlangen?<\/strong><\/h3><br><br><ul>\r\n<li>Die Kosten f\u00fcr Ihren Vorbereitungskurs werden beim Nichtbestehen erstattet, sofern Sie alle Lektionen besucht und alle Aufgaben im Kurs erledigt haben.<\/li>\r\n<li>Sie k\u00f6nnen selbst das Datum w\u00e4hlen, an dem Sie Ihre Pr\u00fcfung ablegen m\u00f6chten.<\/li>\r\n<li>Die Vorbereitung ist auf Ihre individuellen Bed\u00fcrfnisse zugeschnitten und auf das Bestehen der telc Pr\u00fcfung ausgerichtet.<\/li>\r\n<li>Professionelle telc Experten, die stets die besten Ergebnisse f\u00fcr unsere Teilnehmenden erzielt haben, betreuen Sie.<\/li>\r\n<li>Eine g\u00fcnstige Lage, direkt neben dem Z\u00fcrcher Hauptbahnhof.<\/li>\r\n<li>Vorbereitungskurse, die alle Teile der Pr\u00fcfung abdecken. Dazu geh\u00f6rt auch die Konversationspraxis f\u00fcr die m\u00fcndliche Pr\u00fcfung.<\/li><\/ul><br>\t\t\t\t\t\t\t\t<\/div>\n\t\t\t\t<\/div>\n\t\t\t\t<div class=\"elementor-element elementor-element-8cb37a1 elementor-widget elementor-widget-button\" data-id=\"8cb37a1\" data-element_type=\"widget\" data-e-type=\"widget\" data-widget_type=\"button.default\">\n\t\t\t\t<div class=\"elementor-widget-container\">\n\t\t\t\t\t\t\t\t\t<div class=\"elementor-button-wrapper\">\n\t\t\t\t\t<a class=\"elementor-button elementor-button-link elementor-size-sm\" href=\"https:\/\/italksprachschule.ch\/de\/enrol\/anmeldung-zu-einer-telc-prufung\/\">\n\t\t\t\t\t\t<span class=\"elementor-button-content-wrapper\">\n\t\t\t\t\t\t\t\t\t<span class=\"elementor-button-text\">Jetzt anmelden f\u00fcr eine telc Deutsch B1-B2 Pflege Pr\u00fcfung<\/span>\n\t\t\t\t\t<\/span>\n\t\t\t\t\t<\/a>\n\t\t\t\t<\/div>\n\t\t\t\t\t\t\t\t<\/div>\n\t\t\t\t<\/div>\n\t\t\t\t<div class=\"elementor-element elementor-element-cfa32f8 elementor-widget elementor-widget-button\" data-id=\"cfa32f8\" data-element_type=\"widget\" data-e-type=\"widget\" data-widget_type=\"button.default\">\n\t\t\t\t<div class=\"elementor-widget-container\">\n\t\t\t\t\t\t\t\t\t<div class=\"elementor-button-wrapper\">\n\t\t\t\t\t<a class=\"elementor-button elementor-button-link elementor-size-sm\" href=\"https:\/\/italksprachschule.ch\/de\/enrol\/telc-vorbereitungskurs-anmeldeformular\/\">\n\t\t\t\t\t\t<span class=\"elementor-button-content-wrapper\">\n\t\t\t\t\t\t\t\t\t<span class=\"elementor-button-text\">Jetzt anmelden f\u00fcr einen telc Deutsch B1-B2 Pflege Vorbereitungskurs <\/span>\n\t\t\t\t\t<\/span>\n\t\t\t\t\t<\/a>\n\t\t\t\t<\/div>\n\t\t\t\t\t\t\t\t<\/div>\n\t\t\t\t<\/div>\n\t\t\t\t\t<\/div>\n\t\t<\/div>\n\t\t\t\t\t<\/div>\n\t\t<\/section>\n\t\t\t\t<section class=\"elementor-section elementor-top-section elementor-element elementor-element-217e2d0e elementor-section-boxed elementor-section-height-default elementor-section-height-default\" data-id=\"217e2d0e\" data-element_type=\"section\" data-e-type=\"section\">\n\t\t\t\t\t\t<div class=\"elementor-container elementor-column-gap-default\">\n\t\t\t\t\t<div class=\"elementor-column elementor-col-100 elementor-top-column elementor-element elementor-element-1db3845a\" data-id=\"1db3845a\" data-element_type=\"column\" data-e-type=\"column\">\n\t\t\t<div class=\"elementor-widget-wrap elementor-element-populated\">\n\t\t\t\t\t\t<div class=\"elementor-element elementor-element-5e755f27 elementor-widget elementor-widget-html\" data-id=\"5e755f27\" data-element_type=\"widget\" data-e-type=\"widget\" data-widget_type=\"html.default\">\n\t\t\t\t<div class=\"elementor-widget-container\">\n\t\t\t\t\t<script src=\"https:\/\/static.elfsight.com\/platform\/platform.js\" async><\/script>\r\n<div class=\"elfsight-app-416a7fbc-689e-4b88-be46-5eb324761066\" data-elfsight-app-lazy><\/div>\t\t\t\t<\/div>\n\t\t\t\t<\/div>\n\t\t\t\t\t<\/div>\n\t\t<\/div>\n\t\t\t\t\t<\/div>\n\t\t<\/section>\n\t\t\t\t<section class=\"elementor-section elementor-top-section elementor-element elementor-element-0eaa48e elementor-section-boxed elementor-section-height-default elementor-section-height-default\" data-id=\"0eaa48e\" data-element_type=\"section\" data-e-type=\"section\" data-settings=\"{&quot;background_background&quot;:&quot;classic&quot;}\">\n\t\t\t\t\t\t<div class=\"elementor-container elementor-column-gap-wide\">\n\t\t\t\t\t<div class=\"elementor-column elementor-col-100 elementor-top-column elementor-element elementor-element-83dc310\" data-id=\"83dc310\" data-element_type=\"column\" data-e-type=\"column\">\n\t\t\t<div class=\"elementor-widget-wrap elementor-element-populated\">\n\t\t\t\t\t\t<div class=\"elementor-element elementor-element-c0a53b1 elementor-widget elementor-widget-text-editor\" data-id=\"c0a53b1\" data-element_type=\"widget\" data-e-type=\"widget\" data-widget_type=\"text-editor.default\">\n\t\t\t\t<div class=\"elementor-widget-container\">\n\t\t\t\t\t\t\t\t\t<h3><strong>Was bringt ein telc Deutsch B1-B2 Pflege Zertifikat?<\/strong><\/h3>\n<p><\/p>\n<ul>\n<li>Mit dem telc B1-B2 Pflege Zertifikat weisen Sie nach, dass Sie \u00fcber die erforderlichen Sprachkenntnisse verf\u00fcgen, um als Pflegefachkraft, Physiotherapeut oder in einem anderen Gesundheitsberuf zu arbeiten.<\/li>\n<li>Pflegekr\u00e4fte m\u00fcssen Patienten, Kollegen und andere Mitarbeitende verstehen und von ihnen verstanden werden. Sprachkenntnisse sind unerl\u00e4sslich, um genaue medizinische Informationen zu sammeln und bereitzustellen, Behandlungsm\u00f6glichkeiten zu besprechen und auf die Anliegen der Patienten einzugehen.<\/li>\n<li>Durch den Nachweis Ihrer F\u00e4higkeit, effektiv in Gesundheitseinrichtungen zu arbeiten, in denen Sprachkenntnisse unerl\u00e4sslich sind, kann das Bestehen der telc B1-B2 Pflege Pr\u00fcfung Karrierem\u00f6glichkeiten f\u00fcr Pflegekr\u00e4fte, Physiotherapeuten, Kinesiologen, Apotheker, Zahnarzthelfer, Ergotherapeuten, Hygieniker und andere Fachkr\u00e4fte er\u00f6ffnen, die mit Patientenpflege zu tun haben.<\/li>\n<li>In der Schweiz sind gute Kommunikationsf\u00e4higkeiten sowohl f\u00fcr die Integration als auch f\u00fcr die Zusammenarbeit mit Kollegen und Patienten wichtig. Die telc B1-B2 Pflege Pr\u00fcfung kann erforderlich sein, um diese Anforderungen zu erf\u00fcllen und ausserdem Berufslizenzen zu erlangen oder aufrechtzuerhalten.<\/li>\n<li><strong>Bitte erkundigen Sie sich bei Ihrem Arbeitgeber oder Ihrer Institution, welches Zertifikat verlangt und anerkannt wird, bevor Sie sich f\u00fcr eine Pr\u00fcfung anmelden.<\/strong><\/li>\n<\/ul>\n\t\t\t\t\t\t\t\t<\/div>\n\t\t\t\t<\/div>\n\t\t\t\t\t<\/div>\n\t\t<\/div>\n\t\t\t\t\t<\/div>\n\t\t<\/section>\n\t\t\t\t<section class=\"elementor-section elementor-top-section elementor-element elementor-element-947e1dd elementor-section-boxed elementor-section-height-default elementor-section-height-default\" data-id=\"947e1dd\" data-element_type=\"section\" data-e-type=\"section\" data-settings=\"{&quot;background_background&quot;:&quot;classic&quot;}\">\n\t\t\t\t\t\t<div class=\"elementor-container elementor-column-gap-wide\">\n\t\t\t\t\t<div class=\"elementor-column elementor-col-100 elementor-top-column elementor-element elementor-element-5270a1e\" data-id=\"5270a1e\" data-element_type=\"column\" data-e-type=\"column\" data-settings=\"{&quot;background_background&quot;:&quot;classic&quot;}\">\n\t\t\t<div class=\"elementor-widget-wrap elementor-element-populated\">\n\t\t\t\t\t\t<div class=\"elementor-element elementor-element-9142f69 elementor-widget elementor-widget-text-editor\" data-id=\"9142f69\" data-element_type=\"widget\" data-e-type=\"widget\" data-widget_type=\"text-editor.default\">\n\t\t\t\t<div class=\"elementor-widget-container\">\n\t\t\t\t\t\t\t\t\t<h3><strong>Sie sind auf der Suche nach einer telc Deutsch B1-B2 Pflege Pr\u00fcfung?<\/strong><\/h3>\n\t\t\t\t\t\t\t\t<\/div>\n\t\t\t\t<\/div>\n\t\t\t\t<div class=\"elementor-element elementor-element-32ab735 elementor-widget elementor-widget-button\" data-id=\"32ab735\" data-element_type=\"widget\" data-e-type=\"widget\" data-widget_type=\"button.default\">\n\t\t\t\t<div class=\"elementor-widget-container\">\n\t\t\t\t\t\t\t\t\t<div class=\"elementor-button-wrapper\">\n\t\t\t\t\t<a class=\"elementor-button elementor-button-link elementor-size-sm\" href=\"https:\/\/italksprachschule.ch\/de\/enrol\/anmeldung-zu-einer-telc-prufung\/\">\n\t\t\t\t\t\t<span class=\"elementor-button-content-wrapper\">\n\t\t\t\t\t\t\t\t\t<span class=\"elementor-button-text\">Jetzt anmelden f\u00fcr eine telc Deutsch B1-B2 Pflege Pr\u00fcfung<\/span>\n\t\t\t\t\t<\/span>\n\t\t\t\t\t<\/a>\n\t\t\t\t<\/div>\n\t\t\t\t\t\t\t\t<\/div>\n\t\t\t\t<\/div>\n\t\t\t\t<div class=\"elementor-element elementor-element-064586f elementor-widget elementor-widget-text-editor\" data-id=\"064586f\" data-element_type=\"widget\" data-e-type=\"widget\" data-widget_type=\"text-editor.default\">\n\t\t\t\t<div class=\"elementor-widget-container\">\n\t\t\t\t\t\t\t\t\t<h3><strong>Sie sind auf der Suche nach einem Vorbereitungskurs, der Ihnen Erfolg bei der Pr\u00fcfung garantiert?<\/strong><\/h3>\n\t\t\t\t\t\t\t\t<\/div>\n\t\t\t\t<\/div>\n\t\t\t\t<div class=\"elementor-element elementor-element-569a5e5 elementor-widget elementor-widget-button\" data-id=\"569a5e5\" data-element_type=\"widget\" data-e-type=\"widget\" data-widget_type=\"button.default\">\n\t\t\t\t<div class=\"elementor-widget-container\">\n\t\t\t\t\t\t\t\t\t<div class=\"elementor-button-wrapper\">\n\t\t\t\t\t<a class=\"elementor-button elementor-button-link elementor-size-sm\" href=\"https:\/\/italksprachschule.ch\/de\/enrol\/telc-vorbereitungskurs-anmeldeformular\/\">\n\t\t\t\t\t\t<span class=\"elementor-button-content-wrapper\">\n\t\t\t\t\t\t\t\t\t<span class=\"elementor-button-text\">Jetzt anmelden f\u00fcr einen telc Deutsch B1-B2 Pflege Vorbereitungskurs <\/span>\n\t\t\t\t\t<\/span>\n\t\t\t\t\t<\/a>\n\t\t\t\t<\/div>\n\t\t\t\t\t\t\t\t<\/div>\n\t\t\t\t<\/div>\n\t\t\t\t<div class=\"elementor-element elementor-element-f81c921 elementor-widget elementor-widget-text-editor\" data-id=\"f81c921\" data-element_type=\"widget\" data-e-type=\"widget\" data-widget_type=\"text-editor.default\">\n\t\t\t\t<div class=\"elementor-widget-container\">\n\t\t\t\t\t\t\t\t\t<h4 style=\"text-align: center;\"><strong>Um sicherzustellen, dass dies genau das Zertifikat ist, das Sie ben\u00f6tigen, sollten Sie sich immer bei Ihrer Institution erkundigen.<\/strong><\/h4>\n\t\t\t\t\t\t\t\t<\/div>\n\t\t\t\t<\/div>\n\t\t\t\t\t<\/div>\n\t\t<\/div>\n\t\t\t\t\t<\/div>\n\t\t<\/section>\n\t\t\t\t<section class=\"elementor-section elementor-top-section elementor-element elementor-element-76ebbc8 elementor-section-boxed elementor-section-height-default elementor-section-height-default\" data-id=\"76ebbc8\" data-element_type=\"section\" data-e-type=\"section\" data-settings=\"{&quot;background_background&quot;:&quot;classic&quot;}\">\n\t\t\t\t\t\t<div class=\"elementor-container elementor-column-gap-wider\">\n\t\t\t\t\t<div class=\"elementor-column elementor-col-100 elementor-top-column elementor-element elementor-element-d735d23\" data-id=\"d735d23\" data-element_type=\"column\" data-e-type=\"column\">\n\t\t\t<div class=\"elementor-widget-wrap elementor-element-populated\">\n\t\t\t\t\t\t<div class=\"elementor-element elementor-element-c44db3f elementor-widget elementor-widget-text-editor\" data-id=\"c44db3f\" data-element_type=\"widget\" data-e-type=\"widget\" data-widget_type=\"text-editor.default\">\n\t\t\t\t<div class=\"elementor-widget-container\">\n\t\t\t\t\t\t\t\t\t<h3><strong>Aus welchen Teilen besteht die telc B1-B2 Pflege Pr\u00fcfung?<\/strong><\/h3>\n<p>Die Pr\u00fcfung besteht aus vier Teilen:<\/p>\n<ul>\n<li>H\u00f6ren<\/li>\n<li>Lesen<\/li>\n<li>Schriftlicher Ausdruck<\/li>\n<li>M\u00fcndliche Pr\u00fcfung<\/li>\n<\/ul>\n\t\t\t\t\t\t\t\t<\/div>\n\t\t\t\t<\/div>\n\t\t\t\t<div class=\"elementor-element elementor-element-7c51c61 elementor-widget elementor-widget-text-editor\" data-id=\"7c51c61\" data-element_type=\"widget\" data-e-type=\"widget\" data-widget_type=\"text-editor.default\">\n\t\t\t\t<div class=\"elementor-widget-container\">\n\t\t\t\t\t\t\t\t\t<h4><strong>Kann ich die Pr\u00fcfung machen, ohne mich f\u00fcr den Vorbereitungskurs anzumelden?<\/strong><\/h4>\n<p>Ja, Sie haben die M\u00f6glichkeit, die Pr\u00fcfung abzulegen, ohne sich f\u00fcr einen unserer Vorbereitungskurse anzumelden. Bitte beachten Sie, dass die R\u00fcckerstattungsgarantie nur f\u00fcr unsere Vorbereitungskurse und nicht f\u00fcr die einzelnen Pr\u00fcfungen gilt.<\/p>\n<h4><strong>Kann die Italk Sprachschule bestimmen, ob ich das B1 oder B2 Niveau habe?<\/strong><\/h4>\n<p>Klicken Sie hier &#8211;<strong> <a href=\"https:\/\/italksprachschule.ch\/de\/telc-deutsch-b1-b2-modelltest\/\">Telc Deutsch B1-B2 Pflege Modelltest<\/a><\/strong>, um einen Einstufungstest zu machen. Sobald Sie fertig sind, wird eine Lehrperson Ihre Antworten \u00fcberpr\u00fcfen und Ihr Niveau bestimmen.<\/p>\n<h4><strong>Wann kommt mein telc B1-B2 Pflege Zertifikat an?<\/strong><\/h4>\n<p>Es h\u00e4ngt davon ab, ob Sie sich f\u00fcr eine papierbasierte oder eine digitale Pr\u00fcfung entscheiden.<\/p>\n<p>Alle Pr\u00fcfungen werden von telc in Deutschland ausgewertet und Sie k\u00f6nnen Ihr Ergebnis in 4 Wochen erwarten (papierbasierte Pr\u00fcfungen).<\/p>\n<p>Digitale Pr\u00fcfungen B1-B2 Pflege werden normalerweise in ungef\u00e4hr 2 Wochen ausgewertet.<\/p>\n<p>telc hat seine eigenen Abl\u00e4ufe und die Zeit, die ben\u00f6tigt wird, um die Pr\u00fcfungen auszuwerten, das Zertifikat zu erstellen und an die Italk Sprachschule zu senden, h\u00e4ngt nur von telc ab. Der von uns angegebene Zeitrahmen, den Sie auch auf der telc Website (www.telc.net) einsehen k\u00f6nnen, ist nur eine Sch\u00e4tzung. Wir k\u00f6nnen Ihnen kein genaues Datum versprechen und es ist mit Verz\u00f6gerungen zu rechnen.<\/p>\n<h4><strong>Was ist der Unterschied zwischen einer papierbasierten und einer digitalen Pr\u00fcfung?<\/strong><\/h4>\n<p>Beide Pr\u00fcfungen werden in unserer Schule abgehalten, sie unterscheiden sich jedoch in der Art und Weise, wie sie durchgef\u00fchrt werden. Die digitale Pr\u00fcfung wird am Computer abgelegt, w\u00e4hrend die traditionelle Pr\u00fcfung auf Papier geschrieben wird. Die digitale Option kostet zwar etwas mehr, das Ergebnis wird jedoch schneller verschickt, in der Regel etwa zwei Wochen fr\u00fcher als beim Papierformat. Es liegt jedoch in Ihrer Verantwortung, f\u00fcr welches Format Sie sich entscheiden, da es zu Verz\u00f6gerungen kommen kann. Wir haben keinen Einfluss darauf, wie schnell telc Pr\u00fcfungen korrigiert.<\/p>\n<h4><strong>Wie kann ich mich anmelden?<\/strong><\/h4>\n<p>Klicken Sie auf &#8222;Jetzt anmelden&#8220; und f\u00fcllen Sie das Formular aus.<br \/>Warten Sie auf unsere Best\u00e4tigung.<br \/>Bestehen Sie die Pr\u00fcfung.<\/p>\n<p><strong>Bitte beachten Sie, dass Sie sich mindestens 17 Tage im Voraus f\u00fcr die telc Pr\u00fcfung anmelden m\u00fcssen.<\/strong><\/p>\n<h4><strong>Wie viele Lektionen muss ich f\u00fcr die telc B1-B2 Pflege Vorbereitung einplanen?<\/strong><\/h4>\n<p>Sie m\u00fcssen mindestens 5 Lektionen je 60 Minuten zu einem Preis von CHF 1.100 buchen. Jede zus\u00e4tzliche Lektion kostet CHF 220.<\/p>\n<p>Ihr Niveau wird zun\u00e4chst von einem Pr\u00fcfer eingesch\u00e4tzt. Der Pr\u00fcfer teilt Ihnen die Anzahl der Lektionen mit, die zum Bestehen der Pr\u00fcfung erforderlich sind.<\/p>\n<h4><strong>Bieten Sie auch Gruppenunterricht an?<\/strong><\/h4>\n<p>Unser Unterricht ist auf das Einzeltraining zugeschnitten, aber wenn Sie und Ihre Kollegen zusammen lernen m\u00f6chten, setzen Sie sich bitte mit uns in Verbindung. Wir organisieren gerne einen Kurs f\u00fcr Sie.<\/p>\n<h4><strong>Ist die telc Pr\u00fcfung ein anerkanntes offizielles Zertifikat?<\/strong><\/h4>\n<p>Die telc Zertifikate sind international anerkannt und in 10 verschiedenen Sprachen verf\u00fcgbar. Die Italk Sprachschule mit Sitz in Z\u00fcrich ist ein offizielles telc Pr\u00fcfungszentrum.<\/p>\n<p>Viele Arbeitgebende, medizinische Einrichtungen, Schulen und Universit\u00e4ten erkennen telc Zertifikate als Sprachnachweis an. Sie werden als Sprachnachweis f\u00fcr Gesuche um ein Schweizer Visum, eine Schweizer Aufenthaltsbewilligung oder die Schweizer Staatsb\u00fcrgerschaft akzeptiert. \u00dcberpr\u00fcfen Sie bitte immer, welches Niveau und welches Zertifikat von der jeweiligen Institution akzeptiert wird, die von Ihnen ein Zertifikat verlangt.<\/p>\n\t\t\t\t\t\t\t\t<\/div>\n\t\t\t\t<\/div>\n\t\t\t\t<div class=\"elementor-element elementor-element-081ef98 elementor-align-center elementor-widget elementor-widget-button\" data-id=\"081ef98\" data-element_type=\"widget\" data-e-type=\"widget\" data-widget_type=\"button.default\">\n\t\t\t\t<div class=\"elementor-widget-container\">\n\t\t\t\t\t\t\t\t\t<div class=\"elementor-button-wrapper\">\n\t\t\t\t\t<a class=\"elementor-button elementor-button-link elementor-size-sm\" href=\"https:\/\/italksprachschule.ch\/de\/enrol\/anmeldung-zu-einer-telc-prufung\/\">\n\t\t\t\t\t\t<span class=\"elementor-button-content-wrapper\">\n\t\t\t\t\t\t\t\t\t<span class=\"elementor-button-text\">Jetzt anmelden f\u00fcr eine telc Deutsch B1-B2 Pflege Pr\u00fcfung<\/span>\n\t\t\t\t\t<\/span>\n\t\t\t\t\t<\/a>\n\t\t\t\t<\/div>\n\t\t\t\t\t\t\t\t<\/div>\n\t\t\t\t<\/div>\n\t\t\t\t<div class=\"elementor-element elementor-element-8a87908 elementor-align-center elementor-widget elementor-widget-button\" data-id=\"8a87908\" data-element_type=\"widget\" data-e-type=\"widget\" data-widget_type=\"button.default\">\n\t\t\t\t<div class=\"elementor-widget-container\">\n\t\t\t\t\t\t\t\t\t<div class=\"elementor-button-wrapper\">\n\t\t\t\t\t<a class=\"elementor-button elementor-button-link elementor-size-sm\" href=\"https:\/\/italksprachschule.ch\/de\/enrol\/telc-vorbereitungskurs-anmeldeformular\/\">\n\t\t\t\t\t\t<span class=\"elementor-button-content-wrapper\">\n\t\t\t\t\t\t\t\t\t<span class=\"elementor-button-text\">Jetzt anmelden f\u00fcr einen telc Deutsch B1-B2 Pflege Vorbereitungskurs <\/span>\n\t\t\t\t\t<\/span>\n\t\t\t\t\t<\/a>\n\t\t\t\t<\/div>\n\t\t\t\t\t\t\t\t<\/div>\n\t\t\t\t<\/div>\n\t\t\t\t\t<\/div>\n\t\t<\/div>\n\t\t\t\t\t<\/div>\n\t\t<\/section>\n\t\t\t\t<\/div>\n\t\t","protected":false},"excerpt":{"rendered":"<p>telc B1-B2 Pflege Pr\u00fcfung: Erfolgreich bestehen Die Italk Sprachschule hilft Pflegekr\u00e4ften, Physiotherapeuten, Kinesiologen, pharmazeutisch-technischen Assistenten, Zahnarzthelfern, Ergotherapeuten, Hygienikern mit massgeschneiderten Vorbereitungskursen, die telc Deutsch B1-B2 Pflege Pr\u00fcfung zu bestehen. Alle unsere Teilnehmenden haben die Pr\u00fcfungen mit Erfolg bestanden. Jetzt anmelden f\u00fcr einen telc Deutsch B1-B2 Pflege Vorbereitungskurs Jetzt anmelden f\u00fcr eine telc Deutsch B1-B2 Pflege [&hellip;]<\/p>\n","protected":false},"author":6,"featured_media":0,"parent":0,"menu_order":0,"comment_status":"closed","ping_status":"closed","template":"elementor_header_footer","meta":{"footnotes":""},"class_list":["post-6954","page","type-page","status-publish","hentry"],"_links":{"self":[{"href":"https:\/\/italksprachschule.ch\/de\/wp-json\/wp\/v2\/pages\/6954","targetHints":{"allow":["GET"]}}],"collection":[{"href":"https:\/\/italksprachschule.ch\/de\/wp-json\/wp\/v2\/pages"}],"about":[{"href":"https:\/\/italksprachschule.ch\/de\/wp-json\/wp\/v2\/types\/page"}],"author":[{"embeddable":true,"href":"https:\/\/italksprachschule.ch\/de\/wp-json\/wp\/v2\/users\/6"}],"replies":[{"embeddable":true,"href":"https:\/\/italksprachschule.ch\/de\/wp-json\/wp\/v2\/comments?post=6954"}],"version-history":[{"count":56,"href":"https:\/\/italksprachschule.ch\/de\/wp-json\/wp\/v2\/pages\/6954\/revisions"}],"predecessor-version":[{"id":11938,"href":"https:\/\/italksprachschule.ch\/de\/wp-json\/wp\/v2\/pages\/6954\/revisions\/11938"}],"wp:attachment":[{"href":"https:\/\/italksprachschule.ch\/de\/wp-json\/wp\/v2\/media?parent=6954"}],"curies":[{"name":"wp","href":"https:\/\/api.w.org\/{rel}","templated":true}]}}