{"id":7438,"date":"2024-06-25T11:26:36","date_gmt":"2024-06-25T09:26:36","guid":{"rendered":"https:\/\/italksprachschule.ch\/telc-deutsch-b1-b2-modelltest\/"},"modified":"2026-02-03T18:17:09","modified_gmt":"2026-02-03T16:17:09","slug":"telc-deutsch-b1-b2-modelltest","status":"publish","type":"page","link":"https:\/\/italksprachschule.ch\/de\/telc-deutsch-b1-b2-modelltest\/","title":{"rendered":"telc Deutsch B1-B2 Pflege Modelltest"},"content":{"rendered":"\t\t<div data-elementor-type=\"wp-page\" data-elementor-id=\"7438\" class=\"elementor elementor-7438 elementor-6995\" data-elementor-post-type=\"page\">\n\t\t\t\t\t\t<section class=\"elementor-section elementor-top-section elementor-element elementor-element-5f48951 elementor-section-height-min-height elementor-section-items-top elementor-section-boxed elementor-section-height-default\" data-id=\"5f48951\" data-element_type=\"section\" data-e-type=\"section\" data-settings=\"{&quot;background_background&quot;:&quot;classic&quot;}\">\n\t\t\t\t\t\t<div class=\"elementor-container elementor-column-gap-default\">\n\t\t\t\t\t<div class=\"elementor-column elementor-col-100 elementor-top-column elementor-element elementor-element-f88fe30\" data-id=\"f88fe30\" data-element_type=\"column\" data-e-type=\"column\" data-settings=\"{&quot;background_background&quot;:&quot;classic&quot;}\">\n\t\t\t<div class=\"elementor-widget-wrap elementor-element-populated\">\n\t\t\t\t\t\t<div class=\"elementor-element elementor-element-152cc7a elementor-widget elementor-widget-heading\" data-id=\"152cc7a\" data-element_type=\"widget\" data-e-type=\"widget\" data-widget_type=\"heading.default\">\n\t\t\t\t<div class=\"elementor-widget-container\">\n\t\t\t\t\t<h1 class=\"elementor-heading-title elementor-size-default\">telc B1-B2 Pflege Modelltest: Bestens vorbereitet bestehen<\/h1>\t\t\t\t<\/div>\n\t\t\t\t<\/div>\n\t\t\t\t\t<\/div>\n\t\t<\/div>\n\t\t\t\t\t<\/div>\n\t\t<\/section>\n\t\t\t\t<section class=\"elementor-section elementor-top-section elementor-element elementor-element-d704d95 elementor-section-full_width elementor-section-height-default elementor-section-height-default\" data-id=\"d704d95\" data-element_type=\"section\" data-e-type=\"section\" data-settings=\"{&quot;background_background&quot;:&quot;classic&quot;}\">\n\t\t\t\t\t\t<div class=\"elementor-container elementor-column-gap-no\">\n\t\t\t\t\t<div class=\"elementor-column elementor-col-100 elementor-top-column elementor-element elementor-element-513f7aa\" data-id=\"513f7aa\" data-element_type=\"column\" data-e-type=\"column\">\n\t\t\t<div class=\"elementor-widget-wrap elementor-element-populated\">\n\t\t\t\t\t\t<div class=\"elementor-element elementor-element-475d143 elementor-nav-menu__align-center elementor-nav-menu--dropdown-tablet elementor-nav-menu__text-align-aside elementor-nav-menu--toggle elementor-nav-menu--burger elementor-widget elementor-widget-nav-menu\" data-id=\"475d143\" data-element_type=\"widget\" data-e-type=\"widget\" data-settings=\"{&quot;layout&quot;:&quot;horizontal&quot;,&quot;submenu_icon&quot;:{&quot;value&quot;:&quot;&lt;i class=\\&quot;fas fa-caret-down\\&quot; aria-hidden=\\&quot;true\\&quot;&gt;&lt;\\\/i&gt;&quot;,&quot;library&quot;:&quot;fa-solid&quot;},&quot;toggle&quot;:&quot;burger&quot;}\" data-widget_type=\"nav-menu.default\">\n\t\t\t\t<div class=\"elementor-widget-container\">\n\t\t\t\t\t\t\t\t<nav aria-label=\"Menu\" class=\"elementor-nav-menu--main elementor-nav-menu__container elementor-nav-menu--layout-horizontal e--pointer-underline e--animation-fade\">\n\t\t\t\t<ul id=\"menu-1-475d143\" class=\"elementor-nav-menu\"><li class=\"menu-item menu-item-type-post_type menu-item-object-page menu-item-7460\"><a href=\"https:\/\/italksprachschule.ch\/de\/pflege-b1-b2-vorbereitungskurs\/\" class=\"elementor-item\">Vorbereitungskurse<\/a><\/li>\n<li class=\"menu-item menu-item-type-post_type menu-item-object-page menu-item-7461\"><a href=\"https:\/\/italksprachschule.ch\/de\/telc-deutsch-b1-b2-modelltest\/\" class=\"elementor-item\">Modelltest<\/a><\/li>\n<li class=\"menu-item menu-item-type-post_type menu-item-object-page menu-item-7462\"><a href=\"https:\/\/italksprachschule.ch\/de\/pflege-b1-b2\/\" class=\"elementor-item\">Zertifikats\u00fcbersicht<\/a><\/li>\n<li class=\"menu-item menu-item-type-post_type menu-item-object-page menu-item-7463\"><a href=\"https:\/\/italksprachschule.ch\/de\/telc-b1-b2-deutsch-vorstellungsgespraech-training\/\" class=\"elementor-item\">Vorbereitung auf Vorstellungsgespr\u00e4ch<\/a><\/li>\n<li class=\"menu-item menu-item-type-post_type menu-item-object-page menu-item-7469\"><a target=\"_blank\" href=\"https:\/\/italksprachschule.ch\/de\/geld-zurueck-garantie-versprechen\/\" class=\"elementor-item\">Geld-zur\u00fcck-Garantie<\/a><\/li>\n<li class=\"menu-item menu-item-type-post_type menu-item-object-page menu-item-7464\"><a target=\"_blank\" href=\"https:\/\/italksprachschule.ch\/de\/telc-fragen-antworten\/\" class=\"elementor-item\">Fragen und Antworten<\/a><\/li>\n<\/ul>\t\t\t<\/nav>\n\t\t\t\t\t<div class=\"elementor-menu-toggle\" role=\"button\" tabindex=\"0\" aria-label=\"Men\u00fc Umschalter\" aria-expanded=\"false\">\n\t\t\t<i aria-hidden=\"true\" role=\"presentation\" class=\"elementor-menu-toggle__icon--open eicon-menu-bar\"><\/i><i aria-hidden=\"true\" role=\"presentation\" class=\"elementor-menu-toggle__icon--close eicon-close\"><\/i>\t\t<\/div>\n\t\t\t\t\t<nav class=\"elementor-nav-menu--dropdown elementor-nav-menu__container\" aria-hidden=\"true\">\n\t\t\t\t<ul id=\"menu-2-475d143\" class=\"elementor-nav-menu\"><li class=\"menu-item menu-item-type-post_type menu-item-object-page menu-item-7460\"><a href=\"https:\/\/italksprachschule.ch\/de\/pflege-b1-b2-vorbereitungskurs\/\" class=\"elementor-item\" tabindex=\"-1\">Vorbereitungskurse<\/a><\/li>\n<li class=\"menu-item menu-item-type-post_type menu-item-object-page menu-item-7461\"><a href=\"https:\/\/italksprachschule.ch\/de\/telc-deutsch-b1-b2-modelltest\/\" class=\"elementor-item\" tabindex=\"-1\">Modelltest<\/a><\/li>\n<li class=\"menu-item menu-item-type-post_type menu-item-object-page menu-item-7462\"><a href=\"https:\/\/italksprachschule.ch\/de\/pflege-b1-b2\/\" class=\"elementor-item\" tabindex=\"-1\">Zertifikats\u00fcbersicht<\/a><\/li>\n<li class=\"menu-item menu-item-type-post_type menu-item-object-page menu-item-7463\"><a href=\"https:\/\/italksprachschule.ch\/de\/telc-b1-b2-deutsch-vorstellungsgespraech-training\/\" class=\"elementor-item\" tabindex=\"-1\">Vorbereitung auf Vorstellungsgespr\u00e4ch<\/a><\/li>\n<li class=\"menu-item menu-item-type-post_type menu-item-object-page menu-item-7469\"><a target=\"_blank\" href=\"https:\/\/italksprachschule.ch\/de\/geld-zurueck-garantie-versprechen\/\" class=\"elementor-item\" tabindex=\"-1\">Geld-zur\u00fcck-Garantie<\/a><\/li>\n<li class=\"menu-item menu-item-type-post_type menu-item-object-page menu-item-7464\"><a target=\"_blank\" href=\"https:\/\/italksprachschule.ch\/de\/telc-fragen-antworten\/\" class=\"elementor-item\" tabindex=\"-1\">Fragen und Antworten<\/a><\/li>\n<\/ul>\t\t\t<\/nav>\n\t\t\t\t\t\t<\/div>\n\t\t\t\t<\/div>\n\t\t\t\t\t<\/div>\n\t\t<\/div>\n\t\t\t\t\t<\/div>\n\t\t<\/section>\n\t\t\t\t<section class=\"elementor-section elementor-top-section elementor-element elementor-element-57f026f elementor-section-boxed elementor-section-height-default elementor-section-height-default\" data-id=\"57f026f\" data-element_type=\"section\" data-e-type=\"section\" data-settings=\"{&quot;background_background&quot;:&quot;classic&quot;}\">\n\t\t\t\t\t\t<div class=\"elementor-container elementor-column-gap-wide\">\n\t\t\t\t\t<div class=\"elementor-column elementor-col-100 elementor-top-column elementor-element elementor-element-b7b2756\" data-id=\"b7b2756\" data-element_type=\"column\" data-e-type=\"column\">\n\t\t\t<div class=\"elementor-widget-wrap elementor-element-populated\">\n\t\t\t\t\t\t<div class=\"elementor-element elementor-element-682d2d4 elementor-widget elementor-widget-text-editor\" data-id=\"682d2d4\" data-element_type=\"widget\" data-e-type=\"widget\" data-widget_type=\"text-editor.default\">\n\t\t\t\t<div class=\"elementor-widget-container\">\n\t\t\t\t\t\t\t\t\t<p><strong>F\u00fcr Pflegekr\u00e4fte, Physiotherapeuten, Kinesiologen, pharmazeutisch-technische Assistenten, Zahnarzthelfer, Ergotherapeuten, Hygieniker und viele andere.<\/stronng><\/p>\n\t\t\t\t\t\t\t\t<\/div>\n\t\t\t\t<\/div>\n\t\t\t\t<div class=\"elementor-element elementor-element-d8ce399 elementor-widget elementor-widget-text-editor\" data-id=\"d8ce399\" data-element_type=\"widget\" data-e-type=\"widget\" data-widget_type=\"text-editor.default\">\n\t\t\t\t<div class=\"elementor-widget-container\">\n\t\t\t\t\t\t\t\t\t<p><strong>M\u00f6chten Sie die Pr\u00fcfung telc Deutsch B1-B2 Pflege ablegen?<\/strong><\/p>\n<p>Hier finden Sie Tipps, Tricks, einen Modelltest und weitere Informationen \u00fcber die Pr\u00fcfung und Vorbereitung darauf.<\/p>\n<p><strong>Was ist das Ziel der Pr\u00fcfung?<\/strong><\/p>\n<p>Die Pr\u00fcfung zielt darauf ab, Fachkr\u00e4fte im Gesundheitswesen darauf vorzubereiten, das richtige Niveau der m\u00fcndlichen und schriftlichen Kommunikation in einem medizinischen Umfeld zu erreichen.<\/p>\n<p>Hier finden Sie den Modelltest telc Deutsch B1-B2 Pflege Modelltest:<\/p>\n\t\t\t\t\t\t\t\t<\/div>\n\t\t\t\t<\/div>\n\t\t\t\t<div class=\"elementor-element elementor-element-4b16d8a elementor-widget elementor-widget-html\" data-id=\"4b16d8a\" data-element_type=\"widget\" data-e-type=\"widget\" data-widget_type=\"html.default\">\n\t\t\t\t<div class=\"elementor-widget-container\">\n\t\t\t\t\t<iframe width=\"640px\" height=\"600px\" src=https:\/\/forms.office.com\/Pages\/ResponsePage.aspx?id=GOTzGGGM6E-wSVCAm3lxQiEuFG3v2phJk5WKdTZpmLtURDBIVDlGNVhHR1BBQUszSEhZMzNSSUM5US4u&embed=true frameborder=\"0\" marginwidth=\"0\" marginheight=\"0\" style=\"border: none; max-width:100%; max-height:100vh\" allowfullscreen webkitallowfullscreen mozallowfullscreen msallowfullscreen> <\/iframe>\t\t\t\t<\/div>\n\t\t\t\t<\/div>\n\t\t\t\t<div class=\"elementor-element elementor-element-1566452 elementor-widget elementor-widget-button\" data-id=\"1566452\" data-element_type=\"widget\" data-e-type=\"widget\" data-widget_type=\"button.default\">\n\t\t\t\t<div class=\"elementor-widget-container\">\n\t\t\t\t\t\t\t\t\t<div class=\"elementor-button-wrapper\">\n\t\t\t\t\t<a class=\"elementor-button elementor-button-link elementor-size-sm\" href=\"https:\/\/italksprachschule.ch\/de\/enrol\/anmeldung-zu-einer-telc-prufung\/\">\n\t\t\t\t\t\t<span class=\"elementor-button-content-wrapper\">\n\t\t\t\t\t\t\t\t\t<span class=\"elementor-button-text\">Anmeldung zur telc Pr\u00fcfung B1-B2 Pflege <\/span>\n\t\t\t\t\t<\/span>\n\t\t\t\t\t<\/a>\n\t\t\t\t<\/div>\n\t\t\t\t\t\t\t\t<\/div>\n\t\t\t\t<\/div>\n\t\t\t\t<div class=\"elementor-element elementor-element-657434a elementor-widget elementor-widget-text-editor\" data-id=\"657434a\" data-element_type=\"widget\" data-e-type=\"widget\" data-widget_type=\"text-editor.default\">\n\t\t\t\t<div class=\"elementor-widget-container\">\n\t\t\t\t\t\t\t\t\t<p><strong>In diesem Video erkl\u00e4ren wir Ihnen, wie Sie den Test bestehen k\u00f6nnen. Ausserdem gibt es hier praktische \u00dcbungen:<\/strong><\/p>\n\t\t\t\t\t\t\t\t<\/div>\n\t\t\t\t<\/div>\n\t\t\t\t<div class=\"elementor-element elementor-element-d043f91 elementor-widget elementor-widget-video\" data-id=\"d043f91\" data-element_type=\"widget\" data-e-type=\"widget\" data-settings=\"{&quot;youtube_url&quot;:&quot;https:\\\/\\\/youtu.be\\\/ISTXxe9bNNo&quot;,&quot;video_type&quot;:&quot;youtube&quot;,&quot;controls&quot;:&quot;yes&quot;}\" data-widget_type=\"video.default\">\n\t\t\t\t<div class=\"elementor-widget-container\">\n\t\t\t\t\t\t\t<div class=\"elementor-wrapper elementor-open-inline\">\n\t\t\t<div class=\"elementor-video\"><\/div>\t\t<\/div>\n\t\t\t\t\t\t<\/div>\n\t\t\t\t<\/div>\n\t\t\t\t\t<\/div>\n\t\t<\/div>\n\t\t\t\t\t<\/div>\n\t\t<\/section>\n\t\t\t\t<\/div>\n\t\t","protected":false},"excerpt":{"rendered":"<p>telc B1-B2 Pflege Modelltest: Bestens vorbereitet bestehen F\u00fcr Pflegekr\u00e4fte, Physiotherapeuten, Kinesiologen, pharmazeutisch-technische Assistenten, Zahnarzthelfer, Ergotherapeuten, Hygieniker und viele andere. M\u00f6chten Sie die Pr\u00fcfung telc Deutsch B1-B2 Pflege ablegen? Hier finden Sie Tipps, Tricks, einen Modelltest und weitere Informationen \u00fcber die Pr\u00fcfung und Vorbereitung darauf. Was ist das Ziel der Pr\u00fcfung? Die Pr\u00fcfung zielt darauf ab, [&hellip;]<\/p>\n","protected":false},"author":6,"featured_media":0,"parent":0,"menu_order":0,"comment_status":"closed","ping_status":"closed","template":"elementor_header_footer","meta":{"footnotes":""},"class_list":["post-7438","page","type-page","status-publish","hentry"],"_links":{"self":[{"href":"https:\/\/italksprachschule.ch\/de\/wp-json\/wp\/v2\/pages\/7438","targetHints":{"allow":["GET"]}}],"collection":[{"href":"https:\/\/italksprachschule.ch\/de\/wp-json\/wp\/v2\/pages"}],"about":[{"href":"https:\/\/italksprachschule.ch\/de\/wp-json\/wp\/v2\/types\/page"}],"author":[{"embeddable":true,"href":"https:\/\/italksprachschule.ch\/de\/wp-json\/wp\/v2\/users\/6"}],"replies":[{"embeddable":true,"href":"https:\/\/italksprachschule.ch\/de\/wp-json\/wp\/v2\/comments?post=7438"}],"version-history":[{"count":10,"href":"https:\/\/italksprachschule.ch\/de\/wp-json\/wp\/v2\/pages\/7438\/revisions"}],"predecessor-version":[{"id":11931,"href":"https:\/\/italksprachschule.ch\/de\/wp-json\/wp\/v2\/pages\/7438\/revisions\/11931"}],"wp:attachment":[{"href":"https:\/\/italksprachschule.ch\/de\/wp-json\/wp\/v2\/media?parent=7438"}],"curies":[{"name":"wp","href":"https:\/\/api.w.org\/{rel}","templated":true}]}}