{"id":7444,"date":"2024-06-25T11:42:47","date_gmt":"2024-06-25T09:42:47","guid":{"rendered":"https:\/\/italksprachschule.ch\/pflege-b1-b2-vorbereitungskurs\/"},"modified":"2026-02-03T18:55:48","modified_gmt":"2026-02-03T16:55:48","slug":"pflege-b1-b2-vorbereitungskurs","status":"publish","type":"page","link":"https:\/\/italksprachschule.ch\/de\/pflege-b1-b2-vorbereitungskurs\/","title":{"rendered":"telc Deutsch B1-B2 Plege Vorbereitungskurse"},"content":{"rendered":"\t\t<div data-elementor-type=\"wp-page\" data-elementor-id=\"7444\" class=\"elementor elementor-7444 elementor-7168\" data-elementor-post-type=\"page\">\n\t\t\t\t\t\t<section class=\"elementor-section elementor-top-section elementor-element elementor-element-6f72e4d elementor-section-height-min-height elementor-section-items-top elementor-section-boxed elementor-section-height-default\" data-id=\"6f72e4d\" data-element_type=\"section\" data-e-type=\"section\" data-settings=\"{&quot;background_background&quot;:&quot;classic&quot;}\">\n\t\t\t\t\t\t<div class=\"elementor-container elementor-column-gap-default\">\n\t\t\t\t\t<div class=\"elementor-column elementor-col-100 elementor-top-column elementor-element elementor-element-f9ed200\" data-id=\"f9ed200\" data-element_type=\"column\" data-e-type=\"column\" data-settings=\"{&quot;background_background&quot;:&quot;classic&quot;}\">\n\t\t\t<div class=\"elementor-widget-wrap elementor-element-populated\">\n\t\t\t\t\t\t<div class=\"elementor-element elementor-element-29259b1 elementor-widget elementor-widget-heading\" data-id=\"29259b1\" data-element_type=\"widget\" data-e-type=\"widget\" data-widget_type=\"heading.default\">\n\t\t\t\t<div class=\"elementor-widget-container\">\n\t\t\t\t\t<h1 class=\"elementor-heading-title elementor-size-default\">telc B1-B2 Pflege Vorbereitungskurs  <\/h1>\t\t\t\t<\/div>\n\t\t\t\t<\/div>\n\t\t\t\t\t<\/div>\n\t\t<\/div>\n\t\t\t\t\t<\/div>\n\t\t<\/section>\n\t\t\t\t<section class=\"elementor-section elementor-top-section elementor-element elementor-element-dadafa1 elementor-section-full_width elementor-section-height-default elementor-section-height-default\" data-id=\"dadafa1\" data-element_type=\"section\" data-e-type=\"section\" data-settings=\"{&quot;background_background&quot;:&quot;classic&quot;}\">\n\t\t\t\t\t\t<div class=\"elementor-container elementor-column-gap-no\">\n\t\t\t\t\t<div class=\"elementor-column elementor-col-100 elementor-top-column elementor-element elementor-element-2f7147b\" data-id=\"2f7147b\" data-element_type=\"column\" data-e-type=\"column\">\n\t\t\t<div class=\"elementor-widget-wrap elementor-element-populated\">\n\t\t\t\t\t\t<div class=\"elementor-element elementor-element-a85b578 elementor-nav-menu__align-center elementor-nav-menu--dropdown-tablet elementor-nav-menu__text-align-aside elementor-nav-menu--toggle elementor-nav-menu--burger elementor-widget elementor-widget-nav-menu\" data-id=\"a85b578\" data-element_type=\"widget\" data-e-type=\"widget\" data-settings=\"{&quot;layout&quot;:&quot;horizontal&quot;,&quot;submenu_icon&quot;:{&quot;value&quot;:&quot;&lt;i class=\\&quot;fas fa-caret-down\\&quot; aria-hidden=\\&quot;true\\&quot;&gt;&lt;\\\/i&gt;&quot;,&quot;library&quot;:&quot;fa-solid&quot;},&quot;toggle&quot;:&quot;burger&quot;}\" data-widget_type=\"nav-menu.default\">\n\t\t\t\t<div class=\"elementor-widget-container\">\n\t\t\t\t\t\t\t\t<nav aria-label=\"Menu\" class=\"elementor-nav-menu--main elementor-nav-menu__container elementor-nav-menu--layout-horizontal e--pointer-underline e--animation-fade\">\n\t\t\t\t<ul id=\"menu-1-a85b578\" class=\"elementor-nav-menu\"><li class=\"menu-item menu-item-type-post_type menu-item-object-page menu-item-7460\"><a href=\"https:\/\/italksprachschule.ch\/de\/pflege-b1-b2-vorbereitungskurs\/\" class=\"elementor-item\">Vorbereitungskurse<\/a><\/li>\n<li class=\"menu-item menu-item-type-post_type menu-item-object-page menu-item-7461\"><a href=\"https:\/\/italksprachschule.ch\/de\/telc-deutsch-b1-b2-modelltest\/\" class=\"elementor-item\">Modelltest<\/a><\/li>\n<li class=\"menu-item menu-item-type-post_type menu-item-object-page menu-item-7462\"><a href=\"https:\/\/italksprachschule.ch\/de\/pflege-b1-b2\/\" class=\"elementor-item\">Zertifikats\u00fcbersicht<\/a><\/li>\n<li class=\"menu-item menu-item-type-post_type menu-item-object-page menu-item-7463\"><a href=\"https:\/\/italksprachschule.ch\/de\/telc-b1-b2-deutsch-vorstellungsgespraech-training\/\" class=\"elementor-item\">Vorbereitung auf Vorstellungsgespr\u00e4ch<\/a><\/li>\n<li class=\"menu-item menu-item-type-post_type menu-item-object-page menu-item-7469\"><a target=\"_blank\" href=\"https:\/\/italksprachschule.ch\/de\/geld-zurueck-garantie-versprechen\/\" class=\"elementor-item\">Geld-zur\u00fcck-Garantie<\/a><\/li>\n<li class=\"menu-item menu-item-type-post_type menu-item-object-page menu-item-7464\"><a target=\"_blank\" href=\"https:\/\/italksprachschule.ch\/de\/telc-fragen-antworten\/\" class=\"elementor-item\">Fragen und Antworten<\/a><\/li>\n<\/ul>\t\t\t<\/nav>\n\t\t\t\t\t<div class=\"elementor-menu-toggle\" role=\"button\" tabindex=\"0\" aria-label=\"Men\u00fc Umschalter\" aria-expanded=\"false\">\n\t\t\t<i aria-hidden=\"true\" role=\"presentation\" class=\"elementor-menu-toggle__icon--open eicon-menu-bar\"><\/i><i aria-hidden=\"true\" role=\"presentation\" class=\"elementor-menu-toggle__icon--close eicon-close\"><\/i>\t\t<\/div>\n\t\t\t\t\t<nav class=\"elementor-nav-menu--dropdown elementor-nav-menu__container\" aria-hidden=\"true\">\n\t\t\t\t<ul id=\"menu-2-a85b578\" class=\"elementor-nav-menu\"><li class=\"menu-item menu-item-type-post_type menu-item-object-page menu-item-7460\"><a href=\"https:\/\/italksprachschule.ch\/de\/pflege-b1-b2-vorbereitungskurs\/\" class=\"elementor-item\" tabindex=\"-1\">Vorbereitungskurse<\/a><\/li>\n<li class=\"menu-item menu-item-type-post_type menu-item-object-page menu-item-7461\"><a href=\"https:\/\/italksprachschule.ch\/de\/telc-deutsch-b1-b2-modelltest\/\" class=\"elementor-item\" tabindex=\"-1\">Modelltest<\/a><\/li>\n<li class=\"menu-item menu-item-type-post_type menu-item-object-page menu-item-7462\"><a href=\"https:\/\/italksprachschule.ch\/de\/pflege-b1-b2\/\" class=\"elementor-item\" tabindex=\"-1\">Zertifikats\u00fcbersicht<\/a><\/li>\n<li class=\"menu-item menu-item-type-post_type menu-item-object-page menu-item-7463\"><a href=\"https:\/\/italksprachschule.ch\/de\/telc-b1-b2-deutsch-vorstellungsgespraech-training\/\" class=\"elementor-item\" tabindex=\"-1\">Vorbereitung auf Vorstellungsgespr\u00e4ch<\/a><\/li>\n<li class=\"menu-item menu-item-type-post_type menu-item-object-page menu-item-7469\"><a target=\"_blank\" href=\"https:\/\/italksprachschule.ch\/de\/geld-zurueck-garantie-versprechen\/\" class=\"elementor-item\" tabindex=\"-1\">Geld-zur\u00fcck-Garantie<\/a><\/li>\n<li class=\"menu-item menu-item-type-post_type menu-item-object-page menu-item-7464\"><a target=\"_blank\" href=\"https:\/\/italksprachschule.ch\/de\/telc-fragen-antworten\/\" class=\"elementor-item\" tabindex=\"-1\">Fragen und Antworten<\/a><\/li>\n<\/ul>\t\t\t<\/nav>\n\t\t\t\t\t\t<\/div>\n\t\t\t\t<\/div>\n\t\t\t\t\t<\/div>\n\t\t<\/div>\n\t\t\t\t\t<\/div>\n\t\t<\/section>\n\t\t\t\t<section class=\"elementor-section elementor-top-section elementor-element elementor-element-57f026f elementor-section-boxed elementor-section-height-default elementor-section-height-default\" data-id=\"57f026f\" data-element_type=\"section\" data-e-type=\"section\" data-settings=\"{&quot;background_background&quot;:&quot;classic&quot;}\">\n\t\t\t\t\t\t<div class=\"elementor-container elementor-column-gap-wide\">\n\t\t\t\t\t<div class=\"elementor-column elementor-col-100 elementor-top-column elementor-element elementor-element-b7b2756\" data-id=\"b7b2756\" data-element_type=\"column\" data-e-type=\"column\">\n\t\t\t<div class=\"elementor-widget-wrap elementor-element-populated\">\n\t\t\t\t\t\t<div class=\"elementor-element elementor-element-ea3eafe elementor-widget elementor-widget-button\" data-id=\"ea3eafe\" data-element_type=\"widget\" data-e-type=\"widget\" data-widget_type=\"button.default\">\n\t\t\t\t<div class=\"elementor-widget-container\">\n\t\t\t\t\t\t\t\t\t<div class=\"elementor-button-wrapper\">\n\t\t\t\t\t<a class=\"elementor-button elementor-button-link elementor-size-sm\" href=\"https:\/\/italksprachschule.ch\/de\/enrol\/telc-vorbereitungskurs-anmeldeformular\/\">\n\t\t\t\t\t\t<span class=\"elementor-button-content-wrapper\">\n\t\t\t\t\t\t\t\t\t<span class=\"elementor-button-text\">Jetzt f\u00fcr einen Vorbereitungskurs anmelden<\/span>\n\t\t\t\t\t<\/span>\n\t\t\t\t\t<\/a>\n\t\t\t\t<\/div>\n\t\t\t\t\t\t\t\t<\/div>\n\t\t\t\t<\/div>\n\t\t\t\t<div class=\"elementor-element elementor-element-df1c62b elementor-widget elementor-widget-text-editor\" data-id=\"df1c62b\" data-element_type=\"widget\" data-e-type=\"widget\" data-widget_type=\"text-editor.default\">\n\t\t\t\t<div class=\"elementor-widget-container\">\n\t\t\t\t\t\t\t\t\t<p><strong>Wenn Sie eine Fachkraft im Gesundheitswesen sind und einen Vorbereitungskurs zum Erwerb des Zertifikats f\u00fcr den Sprachnachweis in Deutsch absolvieren m\u00fcssen, bieten wir Ihnen die M\u00f6glichkeit, die Pr\u00fcfung risikofrei abzulegen.<\/strong><\/p>\n\t\t\t\t\t\t\t\t<\/div>\n\t\t\t\t<\/div>\n\t\t\t\t\t<\/div>\n\t\t<\/div>\n\t\t\t\t\t<\/div>\n\t\t<\/section>\n\t\t\t\t<section class=\"elementor-section elementor-top-section elementor-element elementor-element-715ca48 elementor-section-boxed elementor-section-height-default elementor-section-height-default\" data-id=\"715ca48\" data-element_type=\"section\" data-e-type=\"section\" data-settings=\"{&quot;background_background&quot;:&quot;classic&quot;}\">\n\t\t\t\t\t\t<div class=\"elementor-container elementor-column-gap-wider\">\n\t\t\t\t\t<div class=\"elementor-column elementor-col-100 elementor-top-column elementor-element elementor-element-85d4d1d\" data-id=\"85d4d1d\" data-element_type=\"column\" data-e-type=\"column\">\n\t\t\t<div class=\"elementor-widget-wrap elementor-element-populated\">\n\t\t\t\t\t\t<div class=\"elementor-element elementor-element-d3cda6d elementor-widget elementor-widget-text-editor\" data-id=\"d3cda6d\" data-element_type=\"widget\" data-e-type=\"widget\" data-widget_type=\"text-editor.default\">\n\t\t\t\t<div class=\"elementor-widget-container\">\n\t\t\t\t\t\t\t\t\t<h3><strong>Haben Sie bereits das Niveau B1 oder B2 abgeschlossen?<\/strong><\/h3>\n<p>Wenn Sie das Niveau erreicht haben, brauchen Sie eine entsprechende Vorbereitung. <\/p>\n<p>Wenn dies der Fall ist, sind Sie in der Regel nach f\u00fcnf Lektionen mit unseren Experten bereit f\u00fcr die Pr\u00fcfung. <\/p>\n<p>Wir zeigen Ihnen, was Sie machen m\u00fcssen, um Ihre Pr\u00fcfung zu bestehen. Danach erhalten Sie Ihr telc B1-B2 Pflege Zertifikat, das Ihr Deutschniveau nachweist.<\/p>\n<p>Reicht Ihr aktuelles Niveau nicht aus, um die Pr\u00fcfung mit f\u00fcnf Lektionen zu bestehen, werden wir Ihnen mitteilen, wie viele Lektionen Sie ben\u00f6tigen.<\/p>\n<h3><strong>Wie viel kostet die Vorbereitung?<\/strong><\/h3>\n<p>Sie m\u00fcssen mindestens f\u00fcnf Lektionen absolvieren, die Kosten daf\u00fcr betragen CHF 1100. Jede weitere Lektion, die Sie ben\u00f6tigen, kostet CHF 200 pro Stunde. Bei den Lektionen handelt es sich um Einzelunterricht. Jede Lektion dauert 60 Minuten.<\/p>\n<h3 style=\"text-align: center;\"><strong>Bestehen Sie Ihre Pr\u00fcfung oder Sie erhalten Ihr Geld zur\u00fcck.<\/strong><\/h3>\n<p><\/p>\n\t\t\t\t\t\t\t\t<\/div>\n\t\t\t\t<\/div>\n\t\t\t\t\t<\/div>\n\t\t<\/div>\n\t\t\t\t\t<\/div>\n\t\t<\/section>\n\t\t\t\t<section class=\"elementor-section elementor-top-section elementor-element elementor-element-947e1dd elementor-section-boxed elementor-section-height-default elementor-section-height-default\" data-id=\"947e1dd\" data-element_type=\"section\" data-e-type=\"section\" data-settings=\"{&quot;background_background&quot;:&quot;classic&quot;}\">\n\t\t\t\t\t\t<div class=\"elementor-container elementor-column-gap-wide\">\n\t\t\t\t\t<div class=\"elementor-column elementor-col-100 elementor-top-column elementor-element elementor-element-5270a1e\" data-id=\"5270a1e\" data-element_type=\"column\" data-e-type=\"column\" data-settings=\"{&quot;background_background&quot;:&quot;classic&quot;}\">\n\t\t\t<div class=\"elementor-widget-wrap elementor-element-populated\">\n\t\t\t\t\t\t<div class=\"elementor-element elementor-element-9142f69 elementor-widget elementor-widget-text-editor\" data-id=\"9142f69\" data-element_type=\"widget\" data-e-type=\"widget\" data-widget_type=\"text-editor.default\">\n\t\t\t\t<div class=\"elementor-widget-container\">\n\t\t\t\t\t\t\t\t\t<h3><strong>Testen Sie jetzt Ihr Niveau&#8230;<\/strong><\/h3>\n\t\t\t\t\t\t\t\t<\/div>\n\t\t\t\t<\/div>\n\t\t\t\t<div class=\"elementor-element elementor-element-8cb37a1 elementor-widget elementor-widget-button\" data-id=\"8cb37a1\" data-element_type=\"widget\" data-e-type=\"widget\" data-widget_type=\"button.default\">\n\t\t\t\t<div class=\"elementor-widget-container\">\n\t\t\t\t\t\t\t\t\t<div class=\"elementor-button-wrapper\">\n\t\t\t\t\t<a class=\"elementor-button elementor-button-link elementor-size-sm\" href=\"https:\/\/italksprachschule.ch\/de\/telc-deutsch-b1-b2-modelltest\/\">\n\t\t\t\t\t\t<span class=\"elementor-button-content-wrapper\">\n\t\t\t\t\t\t\t\t\t<span class=\"elementor-button-text\">telc Deutsch B1-B2 Pflege Test<\/span>\n\t\t\t\t\t<\/span>\n\t\t\t\t\t<\/a>\n\t\t\t\t<\/div>\n\t\t\t\t\t\t\t\t<\/div>\n\t\t\t\t<\/div>\n\t\t\t\t<div class=\"elementor-element elementor-element-064586f elementor-widget elementor-widget-text-editor\" data-id=\"064586f\" data-element_type=\"widget\" data-e-type=\"widget\" data-widget_type=\"text-editor.default\">\n\t\t\t\t<div class=\"elementor-widget-container\">\n\t\t\t\t\t\t\t\t\t<h3><strong>M\u00f6chten Sie mit dem Vorbereitungskurs beginnen?<br \/><\/strong><\/h3>\n\t\t\t\t\t\t\t\t<\/div>\n\t\t\t\t<\/div>\n\t\t\t\t<div class=\"elementor-element elementor-element-569a5e5 elementor-widget elementor-widget-button\" data-id=\"569a5e5\" data-element_type=\"widget\" data-e-type=\"widget\" data-widget_type=\"button.default\">\n\t\t\t\t<div class=\"elementor-widget-container\">\n\t\t\t\t\t\t\t\t\t<div class=\"elementor-button-wrapper\">\n\t\t\t\t\t<a class=\"elementor-button elementor-button-link elementor-size-sm\" href=\"https:\/\/italksprachschule.ch\/de\/enrol\/telc-vorbereitungskurs-anmeldeformular\/\">\n\t\t\t\t\t\t<span class=\"elementor-button-content-wrapper\">\n\t\t\t\t\t\t\t\t\t<span class=\"elementor-button-text\">Jetzt f\u00fcr einen Vorbereitungskurs anmelden<\/span>\n\t\t\t\t\t<\/span>\n\t\t\t\t\t<\/a>\n\t\t\t\t<\/div>\n\t\t\t\t\t\t\t\t<\/div>\n\t\t\t\t<\/div>\n\t\t\t\t\t<\/div>\n\t\t<\/div>\n\t\t\t\t\t<\/div>\n\t\t<\/section>\n\t\t\t\t<\/div>\n\t\t","protected":false},"excerpt":{"rendered":"<p>telc B1-B2 Pflege Vorbereitungskurs Jetzt f\u00fcr einen Vorbereitungskurs anmelden Wenn Sie eine Fachkraft im Gesundheitswesen sind und einen Vorbereitungskurs zum Erwerb des Zertifikats f\u00fcr den Sprachnachweis in Deutsch absolvieren m\u00fcssen, bieten wir Ihnen die M\u00f6glichkeit, die Pr\u00fcfung risikofrei abzulegen. Haben Sie bereits das Niveau B1 oder B2 abgeschlossen? Wenn Sie das Niveau erreicht haben, brauchen [&hellip;]<\/p>\n","protected":false},"author":6,"featured_media":0,"parent":0,"menu_order":0,"comment_status":"closed","ping_status":"closed","template":"elementor_header_footer","meta":{"footnotes":""},"class_list":["post-7444","page","type-page","status-publish","hentry"],"_links":{"self":[{"href":"https:\/\/italksprachschule.ch\/de\/wp-json\/wp\/v2\/pages\/7444","targetHints":{"allow":["GET"]}}],"collection":[{"href":"https:\/\/italksprachschule.ch\/de\/wp-json\/wp\/v2\/pages"}],"about":[{"href":"https:\/\/italksprachschule.ch\/de\/wp-json\/wp\/v2\/types\/page"}],"author":[{"embeddable":true,"href":"https:\/\/italksprachschule.ch\/de\/wp-json\/wp\/v2\/users\/6"}],"replies":[{"embeddable":true,"href":"https:\/\/italksprachschule.ch\/de\/wp-json\/wp\/v2\/comments?post=7444"}],"version-history":[{"count":27,"href":"https:\/\/italksprachschule.ch\/de\/wp-json\/wp\/v2\/pages\/7444\/revisions"}],"predecessor-version":[{"id":11940,"href":"https:\/\/italksprachschule.ch\/de\/wp-json\/wp\/v2\/pages\/7444\/revisions\/11940"}],"wp:attachment":[{"href":"https:\/\/italksprachschule.ch\/de\/wp-json\/wp\/v2\/media?parent=7444"}],"curies":[{"name":"wp","href":"https:\/\/api.w.org\/{rel}","templated":true}]}}